{"id":14445,"date":"2024-12-02T12:36:27","date_gmt":"2024-12-02T10:36:27","guid":{"rendered":"http:\/\/le-campus.org\/blog\/?page_id=14445"},"modified":"2024-12-02T12:42:21","modified_gmt":"2024-12-02T10:42:21","slug":"reglement-interieur","status":"publish","type":"page","link":"https:\/\/le-campus.org\/blog\/reglement-interieur\/","title":{"rendered":"R\u00e8glement Int\u00e9rieur"},"content":{"rendered":"\t\t<div data-elementor-type=\"wp-page\" data-elementor-id=\"14445\" class=\"elementor elementor-14445\">\n\t\t\t\t\t\t\t\t\t<section class=\"elementor-section elementor-top-section elementor-element elementor-element-949771d elementor-section-boxed elementor-section-height-default elementor-section-height-default\" data-id=\"949771d\" data-element_type=\"section\">\n\t\t\t\t\t\t<div class=\"elementor-container elementor-column-gap-default\">\n\t\t\t\t\t<div class=\"elementor-column elementor-col-100 elementor-top-column elementor-element elementor-element-ef38a32\" data-id=\"ef38a32\" data-element_type=\"column\">\n\t\t\t<div class=\"elementor-widget-wrap elementor-element-populated\">\n\t\t\t\t\t\t\t\t<div class=\"elementor-element elementor-element-efcb640 elementor-widget elementor-widget-text-editor\" data-id=\"efcb640\" data-element_type=\"widget\" data-widget_type=\"text-editor.default\">\n\t\t\t\t<div class=\"elementor-widget-container\">\n\t\t\t\t\t\t\t<p align=\"center\" style=\"line-height: 100%; margin-bottom: 0cm; text-decoration: none\">\n<font face=\"Times New Roman, serif\"><font size=\"6\" style=\"font-size: 22pt\"><b><span style=\"background: #fff200\"><font face=\"Arial, sans-serif\">R\u00c8GLEMENT<\/font><font face=\"Arial, sans-serif\">\n<\/font><font face=\"Arial, sans-serif\">INT\u00c9RIEUR<\/font><\/span><\/b><\/font><\/font><\/p><p align=\"center\" style=\"line-height: 100%; margin-bottom: 0cm; text-decoration: none\"><font face=\"Times New Roman, serif\"><font size=\"6\" style=\"font-size: 22pt\"><b><span style=\"background: #fff200\"><font face=\"Arial, sans-serif\"><br><\/font><font face=\"Arial, sans-serif\">\n<\/font><\/span><\/b><\/font><\/font>\n<\/p>\n<p align=\"center\" style=\"line-height: 100%; margin-bottom: 0cm; text-decoration: none\">\n<font face=\"Arial, sans-serif\"><font size=\"6\" style=\"font-size: 22pt\"><b><span style=\"background: #fff200\">DU\nCAMPUS ESPACE JEUNES<\/span><\/b><\/font><\/font><\/p>\n<p style=\"line-height: 100%; margin-bottom: 0cm\"><br>\n\n<\/p>\n<p align=\"justify\" style=\"line-height: 150%; margin-bottom: 0cm\"><font face=\"Times New Roman, serif\"><font size=\"3\" style=\"font-size: 12pt\"><i>Ce\nr\u00e8glement int\u00e9rieur a pour objectif de pr\u00e9ciser les statuts de\nl&rsquo;association <\/i><\/font><\/font>\n<\/p>\n<p align=\"justify\" style=\"line-height: 150%; margin-bottom: 0cm\"><font face=\"Times New Roman, serif\"><font size=\"3\" style=\"font-size: 12pt\"><i><b>Le\nCampus Espace Jeunes<\/b><\/i><i>, dont l&rsquo;objet est <\/i><i>une\nstructure jeunesse agr\u00e9\u00e9e Jeunesse et \u00c9ducation Populaire de loi\n1901. <\/i><\/font><\/font>\n<\/p>\n<p align=\"justify\" style=\"line-height: 150%; margin-bottom: 0cm\"><br>\n\n<\/p>\n<p align=\"center\" style=\"line-height: 150%; margin-bottom: 0cm\"><font face=\"Times New Roman, serif\"><font size=\"5\" style=\"font-size: 18pt\"><b>Fonctionnement\nde l&rsquo;association<\/b><\/font><\/font><\/p>\n<p align=\"justify\" style=\"line-height: 150%; margin-bottom: 0cm\"><br>\n\n<\/p>\n<ul style=\"list-style-image: url(data:image\/svg+xml;base64,PD94bWwgdmVyc2lvbj0iMS4wIiBlbmNvZGluZz0idXRmLTgiPz4NCjwhLS0gR2VuZXJhdG9yOiBBZG9iZSBJbGx1c3RyYXRvciAxMi4wLjEsIFNWRyBFeHBvcnQgUGx1Zy1JbiAuIFNWRyBWZXJzaW9uOiA2LjAwIEJ1aWxkIDUxNDQ4KSAgLS0+DQo8IURPQ1RZUEUgc3ZnIFBVQkxJQyAiLS8vVzNDLy9EVEQgU1ZHIDEuMS8vRU4iICJodHRwOi8vd3d3LnczLm9yZy9HcmFwaGljcy9TVkcvMS4xL0RURC9zdmcxMS5kdGQiIFsNCgk8IUVOVElUWSBuc19zdmcgImh0dHA6Ly93d3cudzMub3JnLzIwMDAvc3ZnIj4NCgk8IUVOVElUWSBuc194bGluayAiaHR0cDovL3d3dy53My5vcmcvMTk5OS94bGluayI+DQpdPg0KPHN2ZyAgdmVyc2lvbj0iMS4xIiBpZD0i5Zu+5bGCXzEiIHhtbG5zPSImbnNfc3ZnOyIgeG1sbnM6eGxpbms9IiZuc194bGluazsiIHdpZHRoPSIxNi43MjEiIGhlaWdodD0iMTAuNzUyIg0KCSB2aWV3Qm94PSIwIDAgMTYuNzIxIDEwLjc1MiIgb3ZlcmZsb3c9InZpc2libGUiIGVuYWJsZS1iYWNrZ3JvdW5kPSJuZXcgMCAwIDE2LjcyMSAxMC43NTIiIHhtbDpzcGFjZT0icHJlc2VydmUiPg0KPGc+DQoJPGxpbmVhckdyYWRpZW50IGlkPSJYTUxJRF8zXyIgZ3JhZGllbnRVbml0cz0idXNlclNwYWNlT25Vc2UiIHgxPSIwIiB5MT0iNS4zNzYiIHgyPSIxMy43OSIgeTI9IjUuMzc2Ij4NCgkJPHN0b3AgIG9mZnNldD0iMCIgc3R5bGU9InN0b3AtY29sb3I6IzBEQTBDOCIvPg0KCQk8c3RvcCAgb2Zmc2V0PSIxIiBzdHlsZT0ic3RvcC1jb2xvcjojMTA2QjhCIi8+DQoJPC9saW5lYXJHcmFkaWVudD4NCgk8cG9seWdvbiBmaWxsPSJ1cmwoI1hNTElEXzNfKSIgcG9pbnRzPSIxMy43OSw1LjMwNyA3LjM4NiwxMC43NTIgMCwxMC43NTIgNi40MTQsNS4yOTQgMC4xNzgsMCA3LjU0NiwwIAkiLz4NCgk8bGluZWFyR3JhZGllbnQgaWQ9IlhNTElEXzRfIiBncmFkaWVudFVuaXRzPSJ1c2VyU3BhY2VPblVzZSIgeDE9IjQuMzMyIiB5MT0iNS4zNzYiIHgyPSIxNi43MjA3IiB5Mj0iNS4zNzYiPg0KCQk8c3RvcCAgb2Zmc2V0PSIwIiBzdHlsZT0ic3RvcC1jb2xvcjojMDExRjY5Ii8+DQoJCTxzdG9wICBvZmZzZXQ9IjEiIHN0eWxlPSJzdG9wLWNvbG9yOiMwMDA0MEIiLz4NCgk8L2xpbmVhckdyYWRpZW50Pg0KCTxwb2x5Z29uIGZpbGw9InVybCgjWE1MSURfNF8pIiBwb2ludHM9IjE2LjcyMSw1LjMwNyAxMC4zMTcsMTAuNzUyIDQuMzMyLDEwLjc1MiAxMC43NDUsNS4yOTQgNC41MDksMCAxMC40NzgsMCAJIi8+DQo8L2c+DQo8L3N2Zz4NCg==);\"><li style=\"display: block\"><p align=\"justify\" style=\"line-height: 100%; margin-bottom: 0cm\">\n\t<font face=\"Times New Roman, serif\"><u><font size=\"3\" style=\"font-size: 12pt\"><b>C<\/b><\/font><font size=\"3\" style=\"font-size: 12pt\"><b>omposition\n\t<\/b><\/font><font size=\"3\" style=\"font-size: 12pt\"><b>du Conseil\n\td&rsquo;administration<\/b><\/font><\/u><\/font><\/p><\/li><\/ul>\n<p align=\"justify\" style=\"line-height: 100%; margin-bottom: 0cm\"><br>\n\n<\/p>\n<p align=\"justify\" style=\"line-height: 150%; margin-bottom: 0cm\"><font face=\"Times New Roman, serif\"><font size=\"3\" style=\"font-size: 12pt\">L&rsquo;association\nLe Campus Espace Jeunes est compos\u00e9e des membres du Conseil\nd&rsquo;administration repr\u00e9sent\u00e9 par :<\/font><\/font><\/p>\n<p align=\"justify\" style=\"line-height: 150%; margin-bottom: 0cm\"><br>\n\n<\/p>\n<p align=\"justify\" style=\"line-height: 150%; margin-bottom: 0cm\"><font face=\"Times New Roman, serif\"><font size=\"3\" style=\"font-size: 12pt\"><span style=\"font-weight: normal\">Le\nPr\u00e9sident : Mr Patrice P<\/span><span style=\"font-weight: normal\">INEAU<\/span><\/font><\/font><\/p>\n<p align=\"justify\" style=\"line-height: 150%; margin-bottom: 0cm\"><font face=\"Times New Roman, serif\"><font size=\"3\" style=\"font-size: 12pt\">La\nTr\u00e9sori\u00e8re : Mme B\u00e9atrice MENARD<\/font><\/font><\/p>\n<p align=\"justify\" style=\"line-height: 150%; margin-bottom: 0cm\"><font face=\"Times New Roman, serif\"><font size=\"3\" style=\"font-size: 12pt\">La\nSecr\u00e9taire : Mr Ludovic POISBLAUD<\/font><\/font><\/p>\n<p align=\"justify\" style=\"line-height: 100%; margin-bottom: 0cm\"><br>\n\n<\/p>\n<p align=\"justify\" style=\"line-height: 100%; margin-bottom: 0cm; text-decoration: none\">\n<font face=\"Times New Roman, serif\"><font size=\"3\" style=\"font-size: 12pt\"><b>\t<u>Les\nconditions d&rsquo;adh\u00e9sion des membres<\/u><\/b><\/font><\/font><\/p>\n<p align=\"justify\" style=\"line-height: 100%; margin-bottom: 0cm\"><br>\n\n<\/p>\n<p align=\"justify\" style=\"line-height: 150%; margin-bottom: 0cm\"><font face=\"Times New Roman, serif\"><font size=\"3\" style=\"font-size: 12pt\">Chaque\nmembre prend l&rsquo;engagement de respecter les pr\u00e9sents statuts, ainsi\nque le r\u00e8glement int\u00e9rieur qui lui sont communiqu\u00e9s \u00e0 son entr\u00e9e\ndans l&rsquo;association. <\/font><\/font>\n<\/p>\n<p align=\"justify\" style=\"line-height: 150%; margin-bottom: 0cm\"><br>\n\n<\/p>\n<p align=\"justify\" style=\"line-height: 150%; margin-bottom: 0cm; text-decoration: none\">\n<font face=\"Times New Roman, serif\"><font size=\"3\" style=\"font-size: 12pt\"><b>\t<u>L&rsquo;organisation\ninterne du conseil d&rsquo;administration et du bureau<\/u> <\/b><\/font><\/font>\n<\/p>\n<p align=\"justify\" style=\"line-height: 150%; margin-bottom: 0cm; text-decoration: none\">\n<br>\n\n<\/p>\n<p align=\"justify\" style=\"font-weight: normal; line-height: 150%; margin-bottom: 0cm; text-decoration: none\">\n<font face=\"Times New Roman, serif\"><font size=\"3\" style=\"font-size: 12pt\">L&rsquo;association\nest dirig\u00e9e par un conseil compos\u00e9 de 12 membres \u00e9lus pour trois\nann\u00e9es par l&rsquo;assembl\u00e9e g\u00e9n\u00e9rale et choisis en son sein. Il est\nrenouvel\u00e9 par tiers tous les ans par l&rsquo;assembl\u00e9e g\u00e9n\u00e9rale des\nmembres de l&rsquo;association. Les membres sortants sont r\u00e9\u00e9ligibles. <\/font><\/font>\n<\/p>\n<p align=\"justify\" style=\"font-weight: normal; line-height: 150%; margin-bottom: 0cm; text-decoration: none\">\n<font face=\"Times New Roman, serif\"><font size=\"3\" style=\"font-size: 12pt\">Est\n\u00e9lecteur au conseil d&rsquo;administration tout membre de l&rsquo;association \u00e0\njour de sa cotisation au moins au jour de l&rsquo;\u00e9lection. <\/font><\/font>\n<\/p>\n<p align=\"justify\" style=\"font-weight: normal; line-height: 150%; margin-bottom: 0cm; text-decoration: none\">\n<font face=\"Times New Roman, serif\"><font size=\"3\" style=\"font-size: 12pt\">Est\n\u00e9ligible au conseil d&rsquo;administration toute personne \u00e2g\u00e9e de 16 ans\nau moins au jour de l&rsquo;\u00e9lection, membres de l&rsquo;association \u00e0 jour de\nsa cotisation. Les candidats n&rsquo;ayant pas atteint la majorit\u00e9 l\u00e9gale\ndevront, pour faire acte de candidature, produire une autorisation de\nleur(s) tuteur(s). <\/font><\/font>\n<\/p>\n<p align=\"justify\" style=\"font-weight: normal; line-height: 150%; margin-bottom: 0cm; text-decoration: none\">\n<font face=\"Times New Roman, serif\"><font size=\"3\" style=\"font-size: 12pt\">En\noutre, les membres du bureau  devront \u00e9galement \u00eatre choisis parmi\nles membres \u00e9lus ayant atteint la majorit\u00e9 l\u00e9gale et jouissant de\nleurs droits civils et politiques.<\/font><\/font><\/p>\n<p align=\"justify\" style=\"font-weight: normal; line-height: 150%; margin-bottom: 0cm; text-decoration: none\">\n<br>\n\n<\/p>\n<p align=\"justify\" style=\"line-height: 150%; margin-bottom: 0cm; text-decoration: none\">\n<br>\n\n<\/p>\n<p align=\"justify\" style=\"line-height: 150%; margin-bottom: 0cm; text-decoration: none\">\n<font face=\"Times New Roman, serif\"><font size=\"3\" style=\"font-size: 12pt\"><b>\t<u>Les\nmodalit\u00e9s de convocation de l&rsquo;assembl\u00e9e et l&rsquo;\u00e9laboration d&rsquo;une\nfeuille de pr\u00e9sence <\/u><\/b><\/font><\/font>\n<\/p>\n<p align=\"justify\" style=\"line-height: 150%; margin-bottom: 0cm\"><br>\n\n<\/p>\n<p align=\"justify\" style=\"font-weight: normal; line-height: 150%; margin-bottom: 0cm; text-decoration: none\">\n<font face=\"Times New Roman, serif\"><font size=\"3\" style=\"font-size: 12pt\">Le\npr\u00e9sident convoque les assembl\u00e9es g\u00e9n\u00e9rales et les r\u00e9unions du\nconseil d\u2019administration. <\/font><\/font>\n<\/p>\n<p align=\"justify\" style=\"line-height: 150%; margin-bottom: 0cm\"><br>\n\n<\/p>\n<p style=\"font-style: normal; line-height: 100%; margin-bottom: 0cm; text-decoration: none\">\n<font face=\"Times New Roman, serif\"><font size=\"3\" style=\"font-size: 12pt\"><b>\t<u>L&rsquo;utilisation\ndu mat\u00e9riel <\/u><i><u>ou des locaux associatifs et les assurances<\/u><\/i><\/b><\/font><\/font><\/p>\n<p style=\"font-style: normal; line-height: 150%; margin-bottom: 0cm\"><br>\n\n<\/p>\n<p align=\"justify\" style=\"font-style: normal; line-height: 150%; margin-bottom: 0cm\">\n<font face=\"Times New Roman, serif\"><font size=\"3\" style=\"font-size: 12pt\">Un\nr\u00e8glement int\u00e9rieur sp\u00e9cifique a \u00e9t\u00e9 r\u00e9dig\u00e9 pour l&rsquo;utilisation\ndes mat\u00e9riels informatiques. Il doit \u00eatre lu et approuv\u00e9 d\u00e8s\nl&rsquo;adh\u00e9sion du jeune par son repr\u00e9sentant l\u00e9gal et lui-m\u00eame. <\/font><\/font>\n<\/p>\n<p align=\"justify\" style=\"font-style: normal; line-height: 150%; margin-bottom: 0cm\">\n<font face=\"Times New Roman, serif\"><font size=\"3\" style=\"font-size: 12pt\">Il\nconvient que des r\u00e8gles obligatoires sont inscrites telles que&nbsp;:\n(le respect des lieux, des joueurs, le partage de l&rsquo;espace,\nl&rsquo;\u00e9galit\u00e9, la vie priv\u00e9e et les types de jeux \u2026). <\/font><\/font>\n<\/p>\n<p align=\"justify\" style=\"font-style: normal; line-height: 150%; margin-bottom: 0cm\">\n<font face=\"Times New Roman, serif\"><font size=\"3\" style=\"font-size: 12pt\">En\ncons\u00e9quence, en cas de non respect de ce r\u00e8glement int\u00e9rieur,\nl&rsquo;\u00e9quipe du Campus se r\u00e9serve le droit de suspendre le compte Cyber\nCampus de l&rsquo;adh\u00e9rent. <\/font><\/font>\n<\/p>\n<p align=\"justify\" style=\"font-style: normal; line-height: 150%; margin-bottom: 0cm\">\n<br>\n\n<\/p>\n<p style=\"font-style: normal; line-height: 100%; margin-bottom: 0cm; text-decoration: none\">\n<font face=\"Times New Roman, serif\"><font size=\"3\" style=\"font-size: 12pt\"><b>\t<u>Le\nmontant des cotisations<\/u><\/b><\/font><\/font><\/p>\n<p style=\"font-style: normal; line-height: 100%; margin-bottom: 0cm\"><br>\n\n<\/p>\n<p style=\"font-style: normal; line-height: 150%; margin-bottom: 0cm\"><font face=\"Times New Roman, serif\"><font size=\"3\" style=\"font-size: 12pt\">Les\nressources de l&rsquo;association se composent : <\/font><\/font>\n<\/p>\n<ul style=\"list-style-image: url(data:image\/svg+xml;base64,PD94bWwgdmVyc2lvbj0iMS4wIiBlbmNvZGluZz0idXRmLTgiPz4NCjwhLS0gR2VuZXJhdG9yOiBBZG9iZSBJbGx1c3RyYXRvciAxMi4wLjEsIFNWRyBFeHBvcnQgUGx1Zy1JbiAuIFNWRyBWZXJzaW9uOiA2LjAwIEJ1aWxkIDUxNDQ4KSAgLS0+DQo8IURPQ1RZUEUgc3ZnIFBVQkxJQyAiLS8vVzNDLy9EVEQgU1ZHIDEuMS8vRU4iICJodHRwOi8vd3d3LnczLm9yZy9HcmFwaGljcy9TVkcvMS4xL0RURC9zdmcxMS5kdGQiIFsNCgk8IUVOVElUWSBuc19zdmcgImh0dHA6Ly93d3cudzMub3JnLzIwMDAvc3ZnIj4NCgk8IUVOVElUWSBuc194bGluayAiaHR0cDovL3d3dy53My5vcmcvMTk5OS94bGluayI+DQpdPg0KPHN2ZyAgdmVyc2lvbj0iMS4xIiBpZD0i5Zu+5bGCXzEiIHhtbG5zPSImbnNfc3ZnOyIgeG1sbnM6eGxpbms9IiZuc194bGluazsiIHdpZHRoPSIxMS4zMDkiIGhlaWdodD0iMTQuMjM4Ig0KCSB2aWV3Qm94PSIwIDAgMTEuMzA5IDE0LjIzOCIgb3ZlcmZsb3c9InZpc2libGUiIGVuYWJsZS1iYWNrZ3JvdW5kPSJuZXcgMCAwIDExLjMwOSAxNC4yMzgiIHhtbDpzcGFjZT0icHJlc2VydmUiPg0KPGxpbmVhckdyYWRpZW50IGlkPSJYTUxJRF8yXyIgZ3JhZGllbnRVbml0cz0idXNlclNwYWNlT25Vc2UiIHgxPSItMi4yNjYxIiB5MT0iMy4wMjM0IiB4Mj0iNi4zNjE5IiB5Mj0iMTEuMzU0Ij4NCgk8c3RvcCAgb2Zmc2V0PSIwIiBzdHlsZT0ic3RvcC1jb2xvcjojMDExRjY5Ii8+DQoJPHN0b3AgIG9mZnNldD0iMSIgc3R5bGU9InN0b3AtY29sb3I6IzAwMDQwQiIvPg0KPC9saW5lYXJHcmFkaWVudD4NCjxwb2x5Z29uIGZpbGw9InVybCgjWE1MSURfMl8pIiBwb2ludHM9IjExLjMwOSw3LjEwNCAwLDAgMCw1LjEzMiA1LjczLDcuMTg1IDAsOS4yNDYgMCwxNC4yMzggIi8+DQo8L3N2Zz4NCg==);\"><li><p style=\"font-style: normal; line-height: 150%; margin-bottom: 0cm\">\n\t<font face=\"Times New Roman, serif\"><font size=\"3\" style=\"font-size: 12pt\">Du\n\tproduit des cotisations acquitt\u00e9es par les membres<\/font><\/font><\/p><\/li><li><p style=\"font-style: normal; line-height: 150%; margin-bottom: 0cm\">\n\t<font face=\"Times New Roman, serif\"><font size=\"3\" style=\"font-size: 12pt\">Des\n\tsubventions qui pourraient lui \u00eatre accord\u00e9es par l\u2019\u00e9tat, les\n\tr\u00e9gions, les d\u00e9partements, les communes, les collectivit\u00e9s ou\n\t\u00e9tablissements publics. <\/font><\/font>\n\t<\/p><\/li><li><p style=\"font-style: normal; line-height: 150%; margin-bottom: 0cm\">\n\t<font face=\"Times New Roman, serif\"><font size=\"3\" style=\"font-size: 12pt\">Du\n\tproduit des f\u00eates et manifestations, int\u00e9r\u00eats et revenus des\n\tbiens et valeurs, des sommes per\u00e7ues en contrepartie de prestations\n\tfournies par l&rsquo;association. <\/font><\/font>\n\t<\/p><\/li><li><p style=\"font-style: normal; line-height: 150%; margin-bottom: 0cm\">\n\t<font face=\"Times New Roman, serif\"><font size=\"3\" style=\"font-size: 12pt\">De\n\ttoutes autres ressources ou subventions, autoris\u00e9es par les textes\n\tl\u00e9gislatifs et r\u00e9glementaires en vigueur. <\/font><\/font>\n\t<\/p><\/li><\/ul>\n<p style=\"font-style: normal; line-height: 100%; margin-bottom: 0cm\"><br>\n\n<\/p>\n<p style=\"font-style: normal; line-height: 100%; margin-bottom: 0cm\"><br>\n\n<\/p>\n<p style=\"font-style: normal; line-height: 100%; margin-bottom: 0cm; text-decoration: none\">\n<font face=\"Times New Roman, serif\"><font size=\"3\" style=\"font-size: 12pt\"><b>\t<\/b><u><b>Les\nconditions d&rsquo;adh\u00e9sion <\/b><\/u><u><b>des <\/b><\/u><u><b>membres et les\nproc\u00e9dures disciplinaires <\/b><\/u><\/font><\/font>\n<\/p>\n<p style=\"font-style: normal; line-height: 100%; margin-bottom: 0cm\"><br>\n\n<\/p>\n<p style=\"font-style: normal; line-height: 100%; margin-bottom: 0cm\"><br>\n\n<\/p>\n<p align=\"justify\" style=\"font-style: normal; line-height: 150%; margin-bottom: 0cm\">\n<font face=\"Times New Roman, serif\"><font size=\"3\" style=\"font-size: 12pt\">La\ncarte d&rsquo;adh\u00e9rent n&rsquo;est n\u00e9cessaire que pour s&rsquo;inscrire aux\nactivit\u00e9s. Son co\u00fbt est de 15\u20ac par an, valable de date \u00e0 date.\nElle offre \u00e9galement des r\u00e9ductions chez certains commerces de\nLu\u00e7on. Les fiches d\u2019inscriptions sont \u00e0 retirer au Campus ou \u00e0\nt\u00e9l\u00e9charger sur notre site internet. L&rsquo;inscription aux activit\u00e9s\nn&rsquo;est prise en compte qu&rsquo;\u00e0 partir du r\u00e8glement de l&rsquo;adh\u00e9sion et\ndes activit\u00e9s. <\/font><\/font>\n<\/p>\n<p align=\"justify\" style=\"font-style: normal; line-height: 150%; margin-bottom: 0cm\">\n<br>\n\n<\/p>\n<p align=\"justify\" style=\"font-style: normal; line-height: 150%; margin-bottom: 0cm\">\n<font face=\"Times New Roman, serif\"><font size=\"3\" style=\"font-size: 12pt\">Pour\nb\u00e9n\u00e9ficier du tarif T3 \u00e9nonc\u00e9 sur notre plaquette d\u2019activit\u00e9s,\nil est indispensable de nous fournir un justificatif mentionnant le\nquotient familial <\/font><\/font>\n<\/p>\n<p align=\"justify\" style=\"font-style: normal; line-height: 150%; margin-bottom: 0cm\">\n<font face=\"Times New Roman, serif\"><font size=\"3\" style=\"font-size: 12pt\">&lt;\n900. Le Campus accepte les ch\u00e8ques vacances. Des facilit\u00e9s de\npaiement sont possibles, se renseigner aupr\u00e8s des animateurs. <\/font><\/font>\n<\/p>\n<p align=\"justify\" style=\"font-style: normal; line-height: 150%; margin-bottom: 0cm\">\n<font face=\"Times New Roman, serif\"><font size=\"3\" style=\"font-size: 12pt\">Le\nCampus Espace Jeunes se r\u00e9serve le droit de modifier ou d&rsquo;annuler\nune activit\u00e9. <\/font><\/font>\n<\/p>\n<p align=\"justify\" style=\"font-style: normal; line-height: 150%; margin-bottom: 0cm\">\n<br>\n\n<\/p>\n<p align=\"justify\" style=\"font-style: normal; line-height: 150%; margin-bottom: 0cm\">\n<font face=\"Times New Roman, serif\"><font size=\"3\" style=\"font-size: 12pt\">Toute\nannulation dans les 14 jours pr\u00e9c\u00e9dant la participation \u00e0 une\nactivit\u00e9, non justifi\u00e9e par un certificat m\u00e9dical, ne pourra faire\nl\u2019objet d\u2019un remboursement. Le certificat m\u00e9dical est \u00e0 joindre\nsous 8 jours au plus tard.<\/font><\/font><\/p>\n<p align=\"justify\" style=\"font-style: normal; line-height: 150%; margin-bottom: 0cm\">\n<br>\n\n<\/p>\n<p align=\"justify\" style=\"line-height: 150%; margin-bottom: 0cm\"><font face=\"Times New Roman, serif\"><font size=\"3\" style=\"font-size: 12pt\"><span style=\"font-style: normal\">Un\njeune se verra retirer son adh\u00e9sion si ces motifs ont \u00e9t\u00e9\nretenus&nbsp;: (vols, destruction du mat\u00e9riels,  violences physiques\nou verbales, <\/span><span style=\"font-style: normal\">introduction de\nsubstances illicites<\/span><span style=\"font-style: normal\"> \u2026). <\/span>En\ntout \u00e9tat de cause, le non-respect d\u2019une clause du r\u00e8glement\nint\u00e9rieur par l\u2019un des membres peut justifier une sanction\ndisciplinaire telle une exclusion de l\u2019association pour faute\ngrave. <\/font><\/font>\n<\/p>\n<p align=\"justify\" style=\"line-height: 150%; margin-bottom: 0cm\"><br>\n\n<\/p>\n<p align=\"justify\" style=\"line-height: 150%; margin-bottom: 0cm\"><font face=\"Times New Roman, serif\"><font size=\"3\" style=\"font-size: 12pt\"><b>\t<u>Modification\ndu r\u00e8glement int\u00e9rieur<\/u><\/b><\/font><\/font><\/p>\n<p align=\"justify\" style=\"line-height: 150%; margin-bottom: 0cm\"><br>\n\n<\/p>\n<p align=\"justify\" style=\"line-height: 150%; margin-bottom: 0cm\"><font face=\"Times New Roman, serif\"><font size=\"3\" style=\"font-size: 12pt\">Le\nbureau ou le conseil d&rsquo;administration pourront s&rsquo;ils le jugent\nn\u00e9cessaire, arr\u00eater le texte d&rsquo;un r\u00e8glement int\u00e9rieur qui\nd\u00e9terminera les d\u00e9tails d\u2019ex\u00e9cution des pr\u00e9sents statuts. <\/font><\/font>\n<\/p>\n<p align=\"justify\" style=\"line-height: 150%; margin-bottom: 0cm\"><br>\n\n<\/p>\n<p align=\"justify\" style=\"line-height: 150%; margin-bottom: 0cm\"><font face=\"Times New Roman, serif\"><font size=\"3\" style=\"font-size: 12pt\">Ce\nr\u00e8glement sera soumis \u00e0 l&rsquo;approbation de l&rsquo;assembl\u00e9e g\u00e9n\u00e9rale,\nainsi que ses modifications  \u00e9ventuelles. <\/font><\/font>\n<\/p>\n<p align=\"justify\" style=\"line-height: 150%; margin-bottom: 0cm\"><br>\n\n<\/p>\n<p align=\"justify\" style=\"line-height: 150%; margin-bottom: 0cm\"><br>\n\n<\/p>\n<p align=\"right\" style=\"line-height: 150%; margin-bottom: 0cm\"><font face=\"Times New Roman, serif\"><font size=\"4\" style=\"font-size: 14pt\">A\nLu\u00e7on, le 24\/05\/2024<\/font><\/font><\/p>\n<p align=\"right\" style=\"line-height: 150%; margin-bottom: 0cm\"><br>\n\n<\/p>\n<p align=\"right\" style=\"line-height: 150%; margin-right: 3cm; margin-bottom: 0cm; background: transparent\">\n   <font face=\"Times New Roman, serif\"><font size=\"4\" style=\"font-size: 14pt\">Le\nPr\u00e9sident, Patrice PINEAU<\/font><\/font><\/p>\n<p><\/p>\t\t\t\t\t\t<\/div>\n\t\t\t\t<\/div>\n\t\t\t\t\t<\/div>\n\t\t<\/div>\n\t\t\t\t\t\t\t<\/div>\n\t\t<\/section>\n\t\t\t\t\t\t\t<\/div>\n\t\t","protected":false},"excerpt":{"rendered":"<p>R\u00c8GLEMENT INT\u00c9RIEUR DU CAMPUS ESPACE JEUNES Ce r\u00e8glement int\u00e9rieur a pour objectif de pr\u00e9ciser les statuts de l&rsquo;association Le Campus Espace Jeunes, dont l&rsquo;objet est une structure jeunesse agr\u00e9\u00e9e Jeunesse &#8230;<\/p>\n","protected":false},"author":1,"featured_media":0,"parent":0,"menu_order":0,"comment_status":"closed","ping_status":"closed","template":"","meta":{"jetpack_post_was_ever_published":false,"footnotes":""},"yoast_head":"<!-- This site is optimized with the Yoast SEO plugin v20.1 - https:\/\/yoast.com\/wordpress\/plugins\/seo\/ -->\n<title>R\u00e8glement Int\u00e9rieur - Le Campus Espace Jeunes<\/title>\n<meta name=\"robots\" content=\"index, follow, max-snippet:-1, max-image-preview:large, max-video-preview:-1\" \/>\n<link rel=\"canonical\" href=\"https:\/\/le-campus.org\/blog\/reglement-interieur\/\" \/>\n<meta property=\"og:locale\" content=\"fr_FR\" \/>\n<meta property=\"og:type\" content=\"article\" \/>\n<meta property=\"og:title\" content=\"R\u00e8glement Int\u00e9rieur - Le Campus Espace Jeunes\" \/>\n<meta property=\"og:description\" content=\"R\u00c8GLEMENT INT\u00c9RIEUR DU CAMPUS ESPACE JEUNES Ce r\u00e8glement int\u00e9rieur a pour objectif de pr\u00e9ciser les statuts de l&rsquo;association Le Campus Espace Jeunes, dont l&rsquo;objet est une structure jeunesse agr\u00e9\u00e9e Jeunesse ...\" \/>\n<meta property=\"og:url\" content=\"https:\/\/le-campus.org\/blog\/reglement-interieur\/\" \/>\n<meta property=\"og:site_name\" content=\"Le Campus Espace Jeunes\" \/>\n<meta property=\"article:publisher\" content=\"https:\/\/www.facebook.com\/pages\/Le-Campus-Espace-Jeunes\/357197730957345\" \/>\n<meta property=\"article:modified_time\" content=\"2024-12-02T10:42:21+00:00\" \/>\n<meta name=\"twitter:label1\" content=\"Dur\u00e9e de lecture estim\u00e9e\" \/>\n\t<meta name=\"twitter:data1\" content=\"4 minutes\" \/>\n<script type=\"application\/ld+json\" class=\"yoast-schema-graph\">{\"@context\":\"https:\/\/schema.org\",\"@graph\":[{\"@type\":\"WebPage\",\"@id\":\"https:\/\/le-campus.org\/blog\/reglement-interieur\/\",\"url\":\"https:\/\/le-campus.org\/blog\/reglement-interieur\/\",\"name\":\"R\u00e8glement Int\u00e9rieur - Le Campus Espace Jeunes\",\"isPartOf\":{\"@id\":\"https:\/\/le-campus.org\/blog\/#website\"},\"datePublished\":\"2024-12-02T10:36:27+00:00\",\"dateModified\":\"2024-12-02T10:42:21+00:00\",\"inLanguage\":\"fr-FR\",\"potentialAction\":[{\"@type\":\"ReadAction\",\"target\":[\"https:\/\/le-campus.org\/blog\/reglement-interieur\/\"]}]},{\"@type\":\"WebSite\",\"@id\":\"https:\/\/le-campus.org\/blog\/#website\",\"url\":\"https:\/\/le-campus.org\/blog\/\",\"name\":\"Le Campus Espace Jeunes\",\"description\":\"\",\"publisher\":{\"@id\":\"https:\/\/le-campus.org\/blog\/#organization\"},\"potentialAction\":[{\"@type\":\"SearchAction\",\"target\":{\"@type\":\"EntryPoint\",\"urlTemplate\":\"https:\/\/le-campus.org\/blog\/?s={search_term_string}\"},\"query-input\":\"required name=search_term_string\"}],\"inLanguage\":\"fr-FR\"},{\"@type\":\"Organization\",\"@id\":\"https:\/\/le-campus.org\/blog\/#organization\",\"name\":\"Le Campus Espace Jeunes\",\"url\":\"https:\/\/le-campus.org\/blog\/\",\"logo\":{\"@type\":\"ImageObject\",\"inLanguage\":\"fr-FR\",\"@id\":\"https:\/\/le-campus.org\/blog\/#\/schema\/logo\/image\/\",\"url\":\"https:\/\/i0.wp.com\/le-campus.org\/blog\/wp-content\/uploads\/2016\/09\/cropped-Logo_Long-2.png?fit=285%2C90&ssl=1\",\"contentUrl\":\"https:\/\/i0.wp.com\/le-campus.org\/blog\/wp-content\/uploads\/2016\/09\/cropped-Logo_Long-2.png?fit=285%2C90&ssl=1\",\"width\":285,\"height\":90,\"caption\":\"Le Campus Espace Jeunes\"},\"image\":{\"@id\":\"https:\/\/le-campus.org\/blog\/#\/schema\/logo\/image\/\"},\"sameAs\":[\"https:\/\/www.facebook.com\/pages\/Le-Campus-Espace-Jeunes\/357197730957345\"]}]}<\/script>\n<!-- \/ Yoast SEO plugin. -->","yoast_head_json":{"title":"R\u00e8glement Int\u00e9rieur - Le Campus Espace Jeunes","robots":{"index":"index","follow":"follow","max-snippet":"max-snippet:-1","max-image-preview":"max-image-preview:large","max-video-preview":"max-video-preview:-1"},"canonical":"https:\/\/le-campus.org\/blog\/reglement-interieur\/","og_locale":"fr_FR","og_type":"article","og_title":"R\u00e8glement Int\u00e9rieur - Le Campus Espace Jeunes","og_description":"R\u00c8GLEMENT INT\u00c9RIEUR DU CAMPUS ESPACE JEUNES Ce r\u00e8glement int\u00e9rieur a pour objectif de pr\u00e9ciser les statuts de l&rsquo;association Le Campus Espace Jeunes, dont l&rsquo;objet est une structure jeunesse agr\u00e9\u00e9e Jeunesse ...","og_url":"https:\/\/le-campus.org\/blog\/reglement-interieur\/","og_site_name":"Le Campus Espace Jeunes","article_publisher":"https:\/\/www.facebook.com\/pages\/Le-Campus-Espace-Jeunes\/357197730957345","article_modified_time":"2024-12-02T10:42:21+00:00","twitter_misc":{"Dur\u00e9e de lecture estim\u00e9e":"4 minutes"},"schema":{"@context":"https:\/\/schema.org","@graph":[{"@type":"WebPage","@id":"https:\/\/le-campus.org\/blog\/reglement-interieur\/","url":"https:\/\/le-campus.org\/blog\/reglement-interieur\/","name":"R\u00e8glement Int\u00e9rieur - Le Campus Espace Jeunes","isPartOf":{"@id":"https:\/\/le-campus.org\/blog\/#website"},"datePublished":"2024-12-02T10:36:27+00:00","dateModified":"2024-12-02T10:42:21+00:00","inLanguage":"fr-FR","potentialAction":[{"@type":"ReadAction","target":["https:\/\/le-campus.org\/blog\/reglement-interieur\/"]}]},{"@type":"WebSite","@id":"https:\/\/le-campus.org\/blog\/#website","url":"https:\/\/le-campus.org\/blog\/","name":"Le Campus Espace Jeunes","description":"","publisher":{"@id":"https:\/\/le-campus.org\/blog\/#organization"},"potentialAction":[{"@type":"SearchAction","target":{"@type":"EntryPoint","urlTemplate":"https:\/\/le-campus.org\/blog\/?s={search_term_string}"},"query-input":"required name=search_term_string"}],"inLanguage":"fr-FR"},{"@type":"Organization","@id":"https:\/\/le-campus.org\/blog\/#organization","name":"Le Campus Espace Jeunes","url":"https:\/\/le-campus.org\/blog\/","logo":{"@type":"ImageObject","inLanguage":"fr-FR","@id":"https:\/\/le-campus.org\/blog\/#\/schema\/logo\/image\/","url":"https:\/\/i0.wp.com\/le-campus.org\/blog\/wp-content\/uploads\/2016\/09\/cropped-Logo_Long-2.png?fit=285%2C90&ssl=1","contentUrl":"https:\/\/i0.wp.com\/le-campus.org\/blog\/wp-content\/uploads\/2016\/09\/cropped-Logo_Long-2.png?fit=285%2C90&ssl=1","width":285,"height":90,"caption":"Le Campus Espace Jeunes"},"image":{"@id":"https:\/\/le-campus.org\/blog\/#\/schema\/logo\/image\/"},"sameAs":["https:\/\/www.facebook.com\/pages\/Le-Campus-Espace-Jeunes\/357197730957345"]}]}},"jetpack_sharing_enabled":true,"jetpack_shortlink":"https:\/\/wp.me\/P7SwBl-3KZ","jetpack-related-posts":[],"amp_enabled":true,"_links":{"self":[{"href":"https:\/\/le-campus.org\/blog\/wp-json\/wp\/v2\/pages\/14445"}],"collection":[{"href":"https:\/\/le-campus.org\/blog\/wp-json\/wp\/v2\/pages"}],"about":[{"href":"https:\/\/le-campus.org\/blog\/wp-json\/wp\/v2\/types\/page"}],"author":[{"embeddable":true,"href":"https:\/\/le-campus.org\/blog\/wp-json\/wp\/v2\/users\/1"}],"replies":[{"embeddable":true,"href":"https:\/\/le-campus.org\/blog\/wp-json\/wp\/v2\/comments?post=14445"}],"version-history":[{"count":4,"href":"https:\/\/le-campus.org\/blog\/wp-json\/wp\/v2\/pages\/14445\/revisions"}],"predecessor-version":[{"id":14452,"href":"https:\/\/le-campus.org\/blog\/wp-json\/wp\/v2\/pages\/14445\/revisions\/14452"}],"wp:attachment":[{"href":"https:\/\/le-campus.org\/blog\/wp-json\/wp\/v2\/media?parent=14445"}],"curies":[{"name":"wp","href":"https:\/\/api.w.org\/{rel}","templated":true}]}}