{"id":14430,"date":"2024-12-02T11:26:00","date_gmt":"2024-12-02T09:26:00","guid":{"rendered":"http:\/\/le-campus.org\/blog\/?page_id=14430"},"modified":"2024-12-02T11:39:04","modified_gmt":"2024-12-02T09:39:04","slug":"projet-pedagogique","status":"publish","type":"page","link":"https:\/\/le-campus.org\/blog\/projet-pedagogique\/","title":{"rendered":"Projet P\u00e9dagogique"},"content":{"rendered":"\t\t<div data-elementor-type=\"wp-page\" data-elementor-id=\"14430\" class=\"elementor elementor-14430\">\n\t\t\t\t\t\t\t\t\t<section class=\"elementor-section elementor-top-section elementor-element elementor-element-f87c725 elementor-section-boxed elementor-section-height-default elementor-section-height-default\" data-id=\"f87c725\" data-element_type=\"section\">\n\t\t\t\t\t\t<div class=\"elementor-container elementor-column-gap-default\">\n\t\t\t\t\t<div class=\"elementor-column elementor-col-100 elementor-top-column elementor-element elementor-element-cb833f6\" data-id=\"cb833f6\" data-element_type=\"column\">\n\t\t\t<div class=\"elementor-widget-wrap elementor-element-populated\">\n\t\t\t\t\t\t\t\t<div class=\"elementor-element elementor-element-92bbc62 elementor-widget elementor-widget-text-editor\" data-id=\"92bbc62\" data-element_type=\"widget\" data-widget_type=\"text-editor.default\">\n\t\t\t\t<div class=\"elementor-widget-container\">\n\t\t\t\t\t\t\t<p style=\"line-height: 150%; margin-bottom: 0cm;\" align=\"center\"><span style=\"color: #000000;\"><span style=\"font-family: Liberation Sans, sans-serif;\"><span style=\"font-size: xx-large;\"><b><span style=\"background: #ff3333;\">PROJET P\u00c9DAGOGIQUE <br><\/span><\/b><\/span><\/span><\/span><\/p>\n<p style=\"line-height: 150%; margin-bottom: 0cm;\" align=\"center\"><span style=\"color: #000000;\"><span style=\"font-family: Liberation Sans, sans-serif;\"><span style=\"font-size: xx-large;\"><b><span style=\"background: #ff3333;\"><br><\/span><\/b><\/span><\/span><\/span><\/p>\n<p style=\"line-height: 150%; margin-bottom: 0cm;\" align=\"center\"><span style=\"color: #000000;\"><span style=\"font-family: Liberation Sans, sans-serif;\"><span style=\"font-size: x-large;\"><b>Le Campus Espace Jeunes<\/b><\/span><\/span><\/span><\/p>\n<p style=\"line-height: 100%; margin-bottom: 0cm;\">\n<\/p><p style=\"font-style: normal; line-height: 100%; margin-bottom: 0cm;\">\n<\/p><p style=\"font-style: normal; line-height: 150%; margin-bottom: 0cm;\" align=\"justify\"><span style=\"color: #000000;\"><span style=\"font-family: Liberation Sans, sans-serif;\"><span style=\"font-size: medium;\"><span style=\"background: #ffffff;\"> <b>Le Campus Espace Jeunes<\/b> est une structure associative de loi 1901, destin\u00e9e \u00e0 <b>l&rsquo;accueil<\/b>, <b>l\u2019\u00e9coute, l&rsquo;animation et la pr\u00e9vention<\/b> des jeunes de 11 \u00e0 25 ans. C&rsquo;est un lieu ouvert \u00e0 tous et sans obligation d&rsquo;adh\u00e9sion. Les adolescents sont libres de leurs all\u00e9es et venues. Des animateurs sont pr\u00e9sents, afin de r\u00e9pondre aux attentes des jeunes et d&rsquo;assurer \u00e9galement le bon fonctionnement \u00e0 l&rsquo;int\u00e9rieur des locaux. Situ\u00e9e au 6, rue St Mathurin, au c\u0153ur du centre ville de Lu\u00e7on, on peut y trouver des espaces pour \u00e9changer, jouer ou encore travailler. La structure en tant qu&rsquo;espace jeunes joue un r\u00f4le important dans la vie des adolescents car c&rsquo;est un des<span style=\"font-weight: normal;\"> 3 piliers de l&rsquo;\u00e9ducation, au m\u00eame titre que la famille et l&rsquo;\u00e9cole. C&rsquo;est un lieu de loisirs et d&rsquo;\u00e9ducation, o\u00f9 l&rsquo;apprentissage de la vie en collectivit\u00e9 et du respect des autres est primordiale.<\/span><\/span><\/span><\/span><\/span><\/p>\n<p style=\"line-height: 150%; margin-bottom: 0cm;\">\n<\/p><p style=\"line-height: 150%; text-indent: 0.87cm; margin-bottom: 0cm; page-break-before: auto;\" align=\"justify\"><span style=\"font-family: Liberation Sans, sans-serif;\"><span style=\"font-size: medium;\"><span style=\"background: #ffffff;\"><span style=\"color: #000000;\"><b>Le Campus Espace Jeunes<\/b><\/span><span style=\"color: #000000;\"> se d\u00e9marque dans la r\u00e9gion et est reconnue par son dynamisme dans le domaine de l\u2019animation, dans l\u2019\u00e9volution de ses projets et du nombre de fr\u00e9quentation qu\u2019elle encadre chaque ann\u00e9e. C\u2019est un lieu qui <\/span><span style=\"color: #000000;\"><b>permet aux jeunes de grandir et \u00e9voluer<\/b><\/span><span style=\"color: #000000;\"> en trouvant des \u00e9l\u00e9ments n\u00e9cessaires \u00e0 la construction de leur personnalit\u00e9&nbsp;: en favorisant l&rsquo;\u00e9change, l&rsquo;autonomie et leur responsabilisation. En d\u00e9veloppant ainsi leurs comp\u00e9tences psychosociales, afin qu\u2019ils puissent \u00eatre en mesure d\u2019avancer dans la vie quotidienne. Elle permet \u00e9galement de sensibiliser les jeunes au respect du groupe, de leur environnement et de susciter leur curiosit\u00e9 par l\u2019initiation, la d\u00e9couverte d\u2019activit\u00e9s nouvelles et du patrimoine.<\/span><\/span><\/span><\/span><\/p>\n<p style=\"line-height: 150%; margin-bottom: 0cm;\" align=\"justify\">\n<\/p><p style=\"line-height: 150%; text-indent: 0.87cm; margin-bottom: 0cm;\" align=\"justify\"><span style=\"font-family: Liberation Sans, sans-serif;\"><span style=\"font-size: medium;\"><span style=\"background: #ffffff;\"><span style=\"color: #000000;\"><i>\u00ab&nbsp;Nous ne pr\u00e9tendons pas \u00eatre des professionnels de la sant\u00e9 ou de la pr\u00e9vention, mais nous revendiquons \u00eatre <\/i><\/span><i>cette pr\u00e9cieuse <\/i><i><b>passerelle<\/b><\/i><i> pas toujours accessible dans notre soci\u00e9t\u00e9. Nous souhaitons \u00eatre en accord avec les politiques d\u2019aide sociale \u00e0 l\u2019enfance, en apportant des services dans l\u2019accompagnement des jeunes et dans le domaine des loisirs.&nbsp;\u00bb<\/i><\/span><\/span><\/span><\/p>\n<p style=\"line-height: 150%; text-indent: 0.87cm; margin-bottom: 0cm;\" align=\"justify\">\n<\/p><p style=\"line-height: 150%; text-indent: 0.87cm; margin-bottom: 0cm;\" align=\"justify\">\n<\/p><p style=\"line-height: 150%; text-indent: 0.87cm; margin-bottom: 0cm;\" align=\"justify\">\n<\/p><p style=\"line-height: 150%; margin-bottom: 0cm;\" align=\"justify\">\n<\/p><p style=\"line-height: 150%; margin-bottom: 0cm;\" align=\"justify\"><span style=\"font-family: Liberation Sans, sans-serif;\"><span style=\"font-size: medium;\"><b><span style=\"background: #ffffff;\"><span style=\"color: #000000;\"><span style=\"font-size: large;\"><u>Les horaires d&rsquo;ouverture du Campus Espace Jeunes&nbsp;:<\/u><\/span><\/span> <\/span><\/b><\/span><\/span><\/p>\n<p style=\"line-height: 150%; margin-bottom: 0cm;\" align=\"justify\">\n<\/p><p style=\"line-height: 150%; margin-bottom: 0cm;\" align=\"justify\"><span style=\"color: #000000;\"><span style=\"font-family: Liberation Sans, sans-serif;\"><span style=\"font-size: medium;\"><span style=\"background: #ffffff;\">6 jours sur 7, de 7h30 \u00e0 18h30 du Lundi au Samedi et de 09h00 \u00e0 18h30, le samedi et pendant les vacances scolaires.<\/span><\/span><\/span><\/span><\/p>\n<p style=\"line-height: 150%; margin-bottom: 0cm;\" align=\"justify\">\n<\/p><p style=\"line-height: 150%; margin-bottom: 0cm;\" align=\"justify\"><span style=\"color: #000000;\"><span style=\"font-family: Liberation Sans, sans-serif;\"><span style=\"font-size: large;\"><b><span style=\"background: #ffffff;\"><u>Les particularit\u00e9s de la structure<\/u>&nbsp;<\/span><\/b><\/span><\/span><\/span><\/p>\n<p style=\"line-height: 150%; margin-bottom: 0cm;\" align=\"justify\">\n<\/p><ul>\n<li>\n<p style=\"line-height: 150%; margin-bottom: 0cm;\" align=\"justify\"><span style=\"color: #000000;\"><span style=\"background: #ffffff;\">\u2794 <span style=\"font-family: Liberation Sans, sans-serif;\"><span style=\"font-size: medium;\">Un<\/span><\/span><\/span><span style=\"color: #000000;\"><span style=\"font-size: medium;\"><b><span style=\"background: #ffffff;\"> lieu d&rsquo;accueil <\/span><\/b><\/span><\/span><span style=\"color: #000000;\"><span style=\"font-size: medium;\"><span style=\"background: #ffffff;\">et <\/span><\/span><\/span><span style=\"color: #000000;\"><span style=\"font-size: medium;\"><b><span style=\"background: #ffffff;\">d&rsquo;animation<\/span><\/b><\/span><\/span><span style=\"color: #000000;\"><span style=\"font-size: medium;\"><span style=\"background: #ffffff;\"> convivial pour les jeunes de 11 \u00e0 25 an<\/span><\/span><\/span><span style=\"color: #000000;\"><span style=\"font-size: medium;\">s, au sein du centre ville, proche des \u00e9tablissements scolaires.<\/span><\/span><\/span><\/p>\n<\/li>\n<li>\n<p style=\"line-height: 150%; margin-bottom: 0cm;\" align=\"justify\"><span style=\"color: #000000;\">\u2794 <span style=\"font-family: Liberation Sans, sans-serif;\"><span style=\"font-size: medium;\">Une superficie de 400m\u00b2 d&rsquo;espace d&rsquo;accueil, d&rsquo;animation, de pr\u00e9vention et d&rsquo;\u00e9coute.<\/span><\/span><\/span><\/p>\n<\/li>\n<\/ul>\n<ul>\n<li>\n<p style=\"line-height: 150%; margin-bottom: 0cm;\" align=\"justify\"><span style=\"color: #000000;\">\u2794 <span style=\"font-family: Liberation Sans, sans-serif;\"><span style=\"font-size: medium;\">Une <b>salle multim\u00e9dia avec <\/b><b>10<\/b><b> ordinateurs<\/b> \u00e0 disposition des jeunes disposant de l&rsquo;acc\u00e8s \u00e0 Internet et la possibilit\u00e9 de jouer en r\u00e9seau.<\/span><\/span><\/span><\/p>\n<\/li>\n<\/ul>\n<ul>\n<li>\n<p style=\"line-height: 150%; margin-bottom: 0cm;\" align=\"justify\"><span style=\"color: #000000;\"><span style=\"font-family: Liberation Sans, sans-serif;\"><span style=\"font-size: medium;\">Des cours informatiques et de tablettes ( base de l\u2019outil informatique, utilisation d&rsquo;internet).<\/span><\/span><\/span><\/p>\n<\/li>\n<li>\n<p style=\"line-height: 150%; margin-bottom: 0cm;\" align=\"justify\"><span style=\"color: #000000;\">\u2794 <span style=\"font-family: Liberation Sans, sans-serif;\"><span style=\"font-size: medium;\">Structure labellis\u00e9e Envie d&rsquo;Agir (convention avec la Direction D\u00e9partementale de la Coh\u00e9sion Sociale), pour l\u2019accompagnement de jeunes sur des projets professionnels, caritatifs, culturels.<\/span><\/span><\/span><\/p>\n<\/li>\n<\/ul>\n<ul>\n<li>\n<p style=\"line-height: 150%; margin-bottom: 0cm;\" align=\"justify\"><span style=\"color: #000000;\">\u2794 <span style=\"font-family: Liberation Sans, sans-serif;\"><span style=\"font-size: medium;\">Un <b>espace salle de jeux<\/b> (billard, baby-foot, jeux de soci\u00e9t\u00e9, table de ping-pong, console de jeux, jeux de soci\u00e9t\u00e9,&#8230;)<\/span><\/span><\/span><\/p>\n<\/li>\n<li>\n<p style=\"line-height: 150%; margin-bottom: 0cm;\" align=\"justify\"><span style=\"color: #000000;\">\u2794 <span style=\"font-family: Liberation Sans, sans-serif;\"><span style=\"font-size: medium;\">Un <b>bar sans alcool <\/b>avec un large choix de vari\u00e9t\u00e9s de bonbons et de boissons.<\/span><\/span><\/span><\/p>\n<\/li>\n<li>\n<p style=\"line-height: 150%; margin-bottom: 0cm;\" align=\"justify\"><span style=\"color: #000000;\">\u2794 <span style=\"font-family: Liberation Sans, sans-serif;\"><span style=\"font-size: medium;\">Un <b>local de 80m\u00b2 d\u00e9di\u00e9 \u00e0 l&rsquo;atelier FABLAB<\/b> comprenant du mat\u00e9riel d&rsquo;impression 3D et du mat\u00e9riel d&rsquo;exp\u00e9rimentation num\u00e9rique.<\/span><\/span><\/span><\/p>\n<\/li>\n<li>\n<p style=\"line-height: 150%; margin-bottom: 0cm;\" align=\"justify\"><span style=\"color: #000000;\">\u2794 <span style=\"font-family: Liberation Sans, sans-serif;\"><span style=\"font-size: medium;\">Un espace d\u00e9di\u00e9 \u00e0 <\/span><\/span><\/span><span style=\"color: #000000;\"><span style=\"font-family: Liberation Sans, sans-serif;\"><span style=\"font-size: medium;\"><b>l\u2019Info Jeunes<\/b><\/span><\/span><\/span><span style=\"color: #000000;\"><span style=\"font-family: Liberation Sans, sans-serif;\"><span style=\"font-size: medium;\"> ( documentation sur diff\u00e9rents th\u00e8mes du quotidien,\u2026 <\/span><\/span><\/span><span style=\"color: #000000;\"><span style=\"font-family: Liberation Sans, sans-serif;\"><span style=\"font-size: medium;\">).<\/span><\/span><\/span><\/p>\n<p style=\"line-height: 150%; margin-bottom: 0cm;\" align=\"justify\">\n<\/p><\/li>\n<\/ul>\n<p style=\"line-height: 150%; margin-bottom: 0cm;\" align=\"justify\">\n<\/p><p style=\"line-height: 150%; margin-bottom: 0cm;\" align=\"justify\"><span style=\"color: #000000;\"><span style=\"font-family: Liberation Sans, sans-serif;\"><span style=\"font-size: large;\"><u><b>Les modalit\u00e9s de fonctionnement&nbsp;: <\/b><\/u><\/span><\/span><\/span><\/p>\n<p style=\"line-height: 150%; margin-bottom: 0cm;\" align=\"justify\">\n<\/p><p style=\"line-height: 150%; margin-bottom: 0cm;\" align=\"justify\"><span style=\"font-family: Liberation Sans, sans-serif;\"><span style=\"font-size: medium;\"><span style=\"color: #000000;\"> Une fiche d&rsquo;inscription est propos\u00e9e \u00e0 tous les jeunes voulant s&rsquo;inscrire sur des activit\u00e9s. L&rsquo;adh\u00e9sion est de 1<\/span><span style=\"color: #000000;\">5<\/span><span style=\"color: #000000;\">\u20ac et est valable de date \u00e0 date. Une carte d&rsquo;adh\u00e9sion est remise au jeune, pour b\u00e9n\u00e9ficier d\u2019avantages chez quelques commer\u00e7ants de <\/span><span style=\"color: #000000;\"><span style=\"font-weight: normal;\">Lu\u00e7on. L<\/span><\/span><span style=\"color: #000000;\">a fiche d&rsquo;inscription peut \u00eatre d\u00e9livr\u00e9e directement au Campus ou t\u00e9l\u00e9charg\u00e9e sur notre site Internet.<\/span><\/span><\/span><\/p>\n<p style=\"line-height: 150%; margin-bottom: 0cm;\" align=\"justify\">\n<\/p><p style=\"line-height: 150%; margin-bottom: 0cm;\" align=\"justify\"><span style=\"color: #000000;\"><span style=\"font-family: Liberation Sans, sans-serif;\"><span style=\"font-size: medium;\"> Les ressources du Campus proviennent principalement de subventions, de la ville de Lu\u00e7on, de la Communaut\u00e9 de Communes du Sud Vend\u00e9e Littoral, de la Caisse d&rsquo;Allocations Familiales, la Mutuelle Sociale Agricole, du Cr\u00e9dit Mutuel et du Conseil D\u00e9partemental. Nos partenaires pour des projets bien pr\u00e9cis sont : la Caisse d&rsquo;Allocations Familiales, la Direction D\u00e9partementale de la Coh\u00e9sion Sociale de la Vend\u00e9e et la Mutuelle Sociale Agricole. Pour des <span style=\"background: #ffffff;\">projets ponctuels ce sont&nbsp;: l&rsquo;Agence R\u00e9gionale de Sant\u00e9 Pays de Loire et la Mission Interminist\u00e9rielle de Lutte contre la Drogue et la Toxicomanie. Toutes ces subventions permettent de financer du mat\u00e9riel informatique, de proposer des tarifs abordables sur les activit\u00e9s, les animations et les s\u00e9jours. Mais aussi, pour financer les contrats et les formations aux salari\u00e9s, pour de l\u2019investissement dans la structure, faire \u00e9voluer des projets de pr\u00e9ventions et d\u2019\u00e9v\u00e9nements sur le territoire. Tous nos partenaires, nous permettent de faire vivre le Campus, afin que les jeunes puissent b\u00e9n\u00e9ficier de loisirs et d\u2019un lieu qui leur est d\u00e9di\u00e9 pour s&rsquo;\u00e9panouir sur leur territoire.<\/span><\/span><\/span><\/span><\/p>\n<p style=\"line-height: 150%; margin-bottom: 0cm;\" align=\"justify\">\n<\/p><p style=\"line-height: 150%; margin-bottom: 0cm;\" align=\"justify\">\n<\/p><p style=\"line-height: 150%; margin-bottom: 0cm;\" align=\"justify\">\n<\/p><p style=\"line-height: 150%; margin-bottom: 0cm;\" align=\"justify\"><span style=\"color: #000000;\"><span style=\"font-family: Liberation Sans, sans-serif;\"><span style=\"font-size: large;\"><u><b><span style=\"background: #ffffff;\">Les activit\u00e9s propos\u00e9es&nbsp;:<\/span><\/b><\/u><\/span><\/span><\/span><\/p>\n<p style=\"line-height: 150%; margin-bottom: 0cm;\" align=\"justify\">\n<\/p><p style=\"line-height: 150%; margin-bottom: 0cm;\" align=\"justify\"><span style=\"font-family: Liberation Sans, sans-serif;\">Des animations et des projets structur\u00e9s sont propos\u00e9s tout au long de l&rsquo;ann\u00e9e. Ces activit\u00e9s peuvent se d\u00e9rouler au sein des locaux mais aussi en ext\u00e9rieur, dans une d\u00e9marche \u00ab&nbsp;d&rsquo;aller vers&nbsp;\u00bb. Elles font l&rsquo;objet d&rsquo;une adh\u00e9sion et autorisation parentale obligatoire o\u00f9 sont mentionn\u00e9s la nature pr\u00e9cise de l&rsquo;activit\u00e9, les horaires et certaines informations compl\u00e9mentaires.<\/span><\/p>\n<p style=\"line-height: 150%; margin-bottom: 0cm;\" align=\"justify\"><span style=\"color: #000000;\"><span style=\"font-family: Liberation Sans, sans-serif;\"><span style=\"font-size: medium;\">Selon la nature des diff\u00e9rents projets port\u00e9s par les jeunes certaines activit\u00e9s en autonomie peuvent \u00eatre organis\u00e9es.<\/span><\/span><\/span><\/p>\n<p style=\"line-height: 150%; margin-bottom: 0cm;\" align=\"justify\">\n<\/p><p style=\"line-height: 150%; margin-bottom: 0cm;\" align=\"justify\"><span style=\"font-family: Liberation Sans, sans-serif;\"><span style=\"color: #000000;\"><span style=\"font-size: medium;\">Le Campus Espace Jeunes peut \u00eatre d\u00e9compos\u00e9 en <\/span><\/span><span style=\"color: #000000;\"><span style=\"font-size: medium;\">3<\/span><\/span><span style=\"color: #000000;\"><span style=\"font-size: medium;\"><b> parties<\/b><\/span><\/span><span style=\"color: #000000;\"><span style=\"font-size: medium;\"> :<\/span><\/span><\/span><\/p>\n<ul>\n<li>\n<p style=\"line-height: 150%; margin-bottom: 0cm;\" align=\"justify\"><span style=\"font-family: Liberation Sans, sans-serif;\"><span style=\"color: #000000;\"><span style=\"font-size: medium;\"><b>L<\/b><\/span><\/span><span style=\"color: #000000;\"><span style=\"font-size: medium;\"><b>a Structure <\/b><\/span><\/span><span style=\"color: #000000;\"><span style=\"font-size: medium;\"><b>:<\/b><\/span><\/span><span style=\"color: #000000;\"><span style=\"font-size: medium;\"> lieu d\u2019accueil ouvert \u00e0 tous et sans obligation d\u2019adh\u00e9sion, les adolescents sont libres de leurs all\u00e9es et venues. Des animateurs sont pr\u00e9sents afin de r\u00e9pondre aux attentes des jeunes et d\u2019assurer \u00e9galement le bon fonctionnement \u00e0 l\u2019int\u00e9rieur des locaux. On peut y <\/span><\/span><span style=\"color: #000000;\"><span style=\"font-size: medium;\"><span style=\"font-weight: normal;\">trouver des espaces pour \u00e9changer, jouer ou encore travailler.<\/span><\/span><\/span><\/span><\/p>\n<\/li>\n<li>\n<p style=\"line-height: 150%; margin-bottom: 0cm;\" align=\"justify\"><span style=\"font-family: Liberation Sans, sans-serif;\"><span style=\"color: #000000;\"><span style=\"font-size: medium;\"><b><span style=\"background: #ffffff;\">Le Programme d&rsquo;activit\u00e9<\/span><\/b><\/span><\/span><span style=\"color: #000000;\"><span style=\"font-size: medium;\"><b><span style=\"background: #ffffff;\">s<\/span><\/b><\/span><\/span><span style=\"color: #000000;\"><span style=\"font-size: medium;\"><b><span style=\"background: #ffffff;\">&nbsp;<\/span><\/b><\/span><\/span><span style=\"color: #000000;\"><span style=\"font-size: medium;\"><span style=\"background: #ffffff;\">: Un large choix d&rsquo;activit\u00e9s sont propos\u00e9es pendant les p\u00e9riodes de vacances scolaires (sorties ext\u00e9rieures, activit\u00e9s culinaires, manuelles, cr\u00e9atives, sportives, num\u00e9riques, <\/span><\/span><\/span><span style=\"color: #000000;\"><span style=\"font-size: medium;\"><span style=\"background: #ffffff;\">veill\u00e9es \u00e0 th\u00e8mes,..<\/span><\/span><\/span><span style=\"color: #000000;\"><span style=\"font-size: medium;\"><span style=\"background: #ffffff;\"> ), avec une politique tarifaire abordable pour que toutes les familles puissent avoir acc\u00e8s \u00e0 l\u2019inscription de leur enfant. Les jeunes b\u00e9n\u00e9ficient d\u2019ateliers gratuits \u00e0 l&rsquo;ann\u00e9e, avec l\u2019adh\u00e9sion (Th\u00e9\u00e2tre, <\/span><\/span><\/span><span style=\"color: #000000;\"><span style=\"font-size: medium;\"><span style=\"background: #ffffff;\">Campus D\u00e9crypte<\/span><\/span><\/span><span style=\"color: #000000;\"><span style=\"font-size: medium;\"><span style=\"background: #ffffff;\">, Vid\u00e9o, <\/span><\/span><\/span><span style=\"color: #000000;\"><span style=\"font-size: medium;\"><span style=\"background: #ffffff;\">Stand Up, Espace dessin et Manga<\/span><\/span><\/span><span style=\"color: #000000;\"><span style=\"font-size: medium;\"><span style=\"background: #ffffff;\"> ainsi que trois autres espaces&nbsp;: Fab Lab, Astronomie et Music Academy)<\/span><\/span><\/span><\/span><\/p>\n<p style=\"line-height: 150%; margin-bottom: 0cm;\" align=\"justify\"><span style=\"font-family: Liberation Sans, sans-serif;\"><span style=\"color: #000000;\"><span style=\"font-size: medium;\"><span style=\"background: #ffffff;\">Trois <\/span><\/span><\/span><span style=\"color: #000000;\"><span style=\"font-size: medium;\"><b><span style=\"background: #ffffff;\">s\u00e9jours<\/span><\/b><\/span><\/span><span style=\"color: #000000;\"><span style=\"font-size: medium;\"><span style=\"background: #ffffff;\"> sont \u00e9galement propos\u00e9s sur les p\u00e9riodes de vacances scolaires ( un s\u00e9jour ski en F\u00e9vrier <\/span><\/span><\/span><span style=\"color: #000000;\"><span style=\"font-size: medium;\"><span style=\"background: #ffffff;\">ou un mini s\u00e9jour \u00e0 Paris en avril<\/span><\/span><\/span><span style=\"color: #000000;\"><span style=\"font-size: medium;\"><span style=\"background: #ffffff;\">, un s\u00e9jour \u00e9t\u00e9 pour les 11-13 ans et un s\u00e9jour \u00e0 l\u2019\u00e9tranger pour les 14 ans et plus).<\/span><\/span><\/span><\/span><\/p>\n<p style=\"line-height: 150%; margin-bottom: 0cm;\" align=\"justify\">\n<\/p><\/li>\n<li>\n<p style=\"line-height: 150%;\" align=\"justify\"><span style=\"font-family: Liberation Sans, sans-serif;\"><span style=\"color: #000000;\"><span style=\"font-size: medium;\"><b><span style=\"background: #ffffff;\">L\u2019Info Jeunes&nbsp;: <\/span><\/b><\/span><\/span>L\u2019IJ accueille tous les jeunes anonymement et gratuitement. <\/span><\/p>\n<p style=\"line-height: 150%;\" align=\"justify\"><span style=\"font-family: Liberation Sans, sans-serif;\">Ouvert \u00e0 tous, l\u2019IJ a pour mission d&rsquo;aider les jeunes (de 11 \u00e0 30 ans) \u00e0 trouver des informations sur tous les sujets qui les concernent ou les int\u00e9ressent (pr\u00e9vention, sant\u00e9, sexualit\u00e9, vie quotidienne,\u2026).<\/span><\/p>\n<p style=\"line-height: 150%;\" align=\"justify\"><span style=\"font-family: Liberation Sans, sans-serif;\">Un professionnel form\u00e9 est \u00e0 l\u2019\u00e9coute des jeunes, et cherchera avec eux les r\u00e9ponses \u00e0 leurs questions, qu\u2019il s\u2019agisse de scolarit\u00e9, de formation, d\u2019emploi, de logement, de loisirs, de pr\u00e9parer un d\u00e9part vers l\u2019\u00e9tranger, ou encore de monter un projet pour lequel ils ont besoin d\u2019aides\u2026Il est pr\u00e9sent pour trouver des solutions \u00e0 leurs probl\u00e9matiques. <\/span><\/p>\n<p style=\"line-height: 150%;\" align=\"justify\"><span style=\"font-family: Liberation Sans, sans-serif;\">L\u2019IJ fait partie du R\u00e9seau Information Jeunesse et il est un relais vers d\u2019autres structures locales et r\u00e9gionales. On y retrouve en libre acc\u00e8s de la documentation officielle, des revues, des ordinateurs et une imprimante. C\u2019est un r\u00e9el lieu d\u2019\u00e9coute, riche en documentations et d\u2019informations.<\/span><\/p>\n<\/li>\n<\/ul>\n<p style=\"line-height: 150%; margin-bottom: 0cm;\" align=\"justify\"><span style=\"color: #000000;\"><span style=\"font-family: Liberation Sans, sans-serif;\"><span style=\"font-size: large;\"><u><b><span style=\"background: #ffffff;\">Fonctionnement de la structure&nbsp;:<\/span><\/b><\/u><\/span><\/span><\/span><\/p>\n<p style=\"line-height: 150%; margin-bottom: 0cm; text-decoration: none;\" align=\"justify\"><span style=\"color: #000000;\"><span style=\"font-family: Liberation Sans, sans-serif;\"><span style=\"font-size: medium;\"><b><span style=\"background: #ffffff;\">L&rsquo;\u00e9quipe d&rsquo;animation&nbsp;: <\/span><\/b><\/span><\/span><\/span><\/p>\n<p style=\"line-height: 150%; margin-bottom: 0cm;\" align=\"justify\"><span style=\"font-family: Liberation Sans, sans-serif;\"><span style=\"font-size: medium;\"><span style=\"background: #ffffff;\"><span style=\"color: #000000;\">&#8211; Directrice : <\/span><span style=\"color: #000000;\"><b>Nathana\u00eblle LE CUNFF-MORIN<\/b><\/span><\/span><\/span><\/span><\/p>\n<p style=\"line-height: 150%; margin-bottom: 0cm;\" align=\"justify\"><span style=\"font-family: Liberation Sans, sans-serif;\"><span style=\"font-size: medium;\"><span style=\"background: #ffffff;\"><span style=\"color: #000000;\"><span style=\"font-weight: normal;\">&#8211; <\/span><\/span><span style=\"color: #000000;\"><span style=\"font-weight: normal;\">Animateur, <\/span><\/span><span style=\"color: #000000;\"><span style=\"font-weight: normal;\">Coordinateur et Informateur <\/span><\/span><span style=\"color: #000000;\"><span style=\"font-weight: normal;\">jeunesse&nbsp;: <\/span><\/span><span style=\"color: #000000;\"><b>Florian POIRATON<\/b><\/span><\/span><\/span><\/span><\/p>\n<p style=\"line-height: 150%; margin-bottom: 0cm;\" align=\"justify\"><span style=\"font-family: Liberation Sans, sans-serif;\"><span style=\"font-size: medium;\"><span style=\"background: #ffffff;\"><span style=\"color: #000000;\">&#8211; A<\/span><span style=\"color: #000000;\"><span style=\"font-weight: normal;\">nimatrice jeunesse&nbsp;: <\/span><\/span><span style=\"color: #000000;\"><b>Tiphaine R<\/b><\/span><span style=\"color: #000000;\"><b>ABILLE<\/b><\/span><\/span><\/span><\/span><\/p>\n<p style=\"line-height: 150%; margin-bottom: 0cm;\" align=\"justify\"><span style=\"font-family: Liberation Sans, sans-serif;\"><span style=\"font-size: medium;\"><span style=\"background: #ffffff;\"><span style=\"color: #000000;\">&#8211; Animateur <\/span><span style=\"color: #000000;\">jeunesse et <\/span><span style=\"color: #000000;\">multim\u00e9dia : <\/span><span style=\"color: #000000;\"><b>J\u00e9r\u00f4me MIRAT<\/b><\/span><\/span><\/span><\/span><\/p>\n<p style=\"line-height: 150%; margin-bottom: 0cm;\" align=\"justify\">\n<\/p><p style=\"line-height: 150%; margin-bottom: 0cm;\" align=\"justify\"><span style=\"font-family: Liberation Sans, sans-serif;\"><span style=\"font-size: medium;\"><span style=\"background: #ffffff;\"><span style=\"color: #000000;\"><b>Un conseil d&rsquo;administration<\/b><\/span><span style=\"color: #000000;\"> constitu\u00e9 de 12 membres dont :<\/span><\/span><\/span><\/span><\/p>\n<p style=\"line-height: 150%; margin-bottom: 0cm;\" align=\"justify\"><span style=\"font-family: Liberation Sans, sans-serif;\"><span style=\"font-size: medium;\"><span style=\"background: #ffffff;\"><span style=\"color: #000000;\">&#8211; Pr\u00e9sident : <\/span><span style=\"color: #000000;\"><b>Patrice PINEAU<\/b><\/span><\/span><\/span><\/span><\/p>\n<p style=\"line-height: 150%; margin-bottom: 0cm;\" align=\"justify\"><span style=\"color: #000000;\"><span style=\"font-family: Liberation Sans, sans-serif;\"><span style=\"font-size: medium;\"><span style=\"background: #ffffff;\">&#8211; Vice-pr\u00e9sident : <b>Carol<\/b><b>e <\/b><b>MARCAL DE PINA<\/b><\/span><\/span><\/span><\/span><\/p>\n<p style=\"line-height: 150%; margin-bottom: 0cm;\" align=\"justify\"><span style=\"font-family: Liberation Sans, sans-serif;\"><span style=\"font-size: medium;\"><span style=\"background: #ffffff;\"><span style=\"color: #000000;\">&#8211; Tr\u00e9sori\u00e8re : <\/span><span style=\"color: #000000;\"><b>B\u00e9atrice MENARD<\/b><\/span><\/span><\/span><\/span><\/p>\n<p style=\"line-height: 150%; margin-bottom: 0cm;\" align=\"justify\"><span style=\"font-family: Liberation Sans, sans-serif;\"><span style=\"font-size: medium;\"><span style=\"background: #ffffff;\"><span style=\"color: #000000;\">&#8211; Secr\u00e9taire : <\/span><span style=\"color: #000000;\"><b>Ludovic POISBLAUD<\/b><\/span><\/span><\/span><\/span><\/p>\n<p style=\"line-height: 150%; margin-bottom: 0cm;\" align=\"justify\">\n<\/p><p style=\"line-height: 150%; margin-bottom: 0cm;\" align=\"justify\"><span style=\"color: #000000;\"><span style=\"font-family: Liberation Sans, sans-serif;\"><span style=\"font-size: medium;\"><span style=\"background: #ffffff;\"> La structure accueille \u00e9galement diff\u00e9rents stagiaires \u00e0 l\u2019ann\u00e9e en fonction des besoins du Campus et des demandes de chacun.<\/span><\/span><\/span><\/span><\/p>\n<p style=\"font-weight: normal; line-height: 150%; margin-bottom: 0cm;\" align=\"justify\">\n<\/p><p style=\"line-height: 150%; margin-bottom: 0cm;\" align=\"justify\"><span style=\"color: #000000;\"><span style=\"font-family: Liberation Sans, sans-serif;\"><span style=\"font-size: medium;\"><span style=\"background: #ffffff;\"><span style=\"font-weight: normal;\"> Les acteurs impliqu\u00e9s a<\/span>u sein de la structure sont avant tout, les jeunes, car c\u2019est eux qui font vivre l\u2019association. Mais aussi, leurs parents qui les soutiennent dans leurs projets et tous les b\u00e9n\u00e9voles (anciens jeunes, animateurs de d\u2019autres structures et anciens stagiaires BAFA ), toujours disponibles pour nous aider. Ainsi que, le soutien de la ville de Lu\u00e7on et des autres structures associatives, pour des moyens humains, mat\u00e9riels et financiers et une grande implication des membres du Conseil d\u2019Administration, compos\u00e9 d\u2019\u00e9lus municipaux, de jeunes, et d\u2019autres personnes avec des m\u00e9tiers et des comp\u00e9tences diff\u00e9rentes.<\/span><\/span><\/span><\/span><\/p>\n<p style=\"line-height: 150%; margin-bottom: 0cm;\" align=\"justify\">\n<\/p><p style=\"line-height: 150%; margin-bottom: 0cm;\" align=\"justify\">\n<\/p><p style=\"line-height: 150%; margin-bottom: 0cm;\" align=\"justify\"><span style=\"color: #000000;\"><span style=\"font-family: Liberation Sans, sans-serif;\"><span style=\"font-size: large;\"><u><b><span style=\"background: #ffffff;\">Les objectifs p\u00e9dagogiques&nbsp;:<\/span><\/b><\/u><\/span><\/span><\/span><\/p>\n<p style=\"line-height: 150%; margin-bottom: 0cm;\" align=\"justify\"><span style=\"color: #000000;\"><span style=\"font-family: Liberation Sans, sans-serif;\"><span style=\"font-size: medium;\"><span style=\"background: #ffffff;\">Le Campus Espace Jeunes \u00e9tablit ce projet en tenant compte du <b>Projet Educati<\/b><b>f<\/b>&nbsp;:<\/span><\/span><\/span><\/span><\/p>\n<p style=\"line-height: 150%; margin-bottom: 0cm;\" align=\"justify\">\n<\/p><ol>\n<li>\n<p style=\"line-height: 100%; margin-bottom: 0cm;\" align=\"justify\"><span style=\"color: #000000;\"><span style=\"font-family: Liberation Sans, sans-serif;\"><span style=\"font-size: medium;\"><b><span style=\"background: #ffffff;\">Proposer des animations de loisirs <\/span><\/b><\/span><\/span><\/span><\/p>\n<p style=\"font-weight: normal; line-height: 150%; margin-bottom: 0cm;\" align=\"justify\"><span style=\"color: #000000;\"><span style=\"font-family: Liberation Sans, sans-serif;\"><span style=\"font-size: medium;\"><span style=\"background: #ffffff;\">Des activit\u00e9s propos\u00e9es pendant les vacances scolaires aux jeunes de 11 \u00e0 25 ans, des ateliers gratuits et des projets pr\u00e9ventions sur l\u2019ann\u00e9e.<\/span><\/span><\/span><\/span><\/p>\n<p style=\"font-weight: normal; line-height: 150%; margin-bottom: 0cm;\" align=\"justify\"><span style=\"color: #000000;\"><span style=\"font-family: Liberation Sans, sans-serif;\"><span style=\"font-size: medium;\"><span style=\"background: #ffffff;\">D\u00e9veloppement de leur autonomie et leur int\u00e9gration citoyenne dans la vie locale.<\/span><\/span><\/span><\/span><\/p>\n<p style=\"font-weight: normal; line-height: 150%; margin-bottom: 0cm;\" align=\"justify\">\n<\/p><\/li>\n<li>\n<p style=\"line-height: 150%; margin-bottom: 0cm;\" align=\"justify\"><span style=\"font-family: Liberation Sans, sans-serif;\"><span style=\"color: #000000;\"><span style=\"font-size: medium;\"><b><span style=\"background: #ffffff;\">Apporter une dimension \u00e9ducative aux jeunes<\/span><\/b><\/span><\/span><\/span><\/p>\n<p style=\"line-height: 150%; margin-bottom: 0cm;\" align=\"justify\"><span style=\"color: #000000;\"><span style=\"font-family: Liberation Sans, sans-serif;\"><span style=\"font-size: medium;\"><span style=\"background: #ffffff;\">Prendre conscience de ses limites et favoriser la confiance en soi.<\/span><\/span><\/span><\/span><\/p>\n<p style=\"line-height: 150%; margin-bottom: 0cm;\" align=\"justify\"><span style=\"color: #000000;\"><span style=\"font-family: Liberation Sans, sans-serif;\"><span style=\"font-size: medium;\"><span style=\"background: #ffffff;\">Respect des autres, \u00eatre tol\u00e9rant et solidaire.<\/span><\/span><\/span><\/span><\/p>\n<p style=\"font-weight: normal; line-height: 150%; margin-bottom: 0cm;\" align=\"justify\"><span style=\"color: #000000;\"><span style=\"font-family: Liberation Sans, sans-serif;\"><span style=\"font-size: medium;\"><span style=\"background: #ffffff;\">Permettre aux jeunes de d\u00e9velopper leur esprit critique, constructif et de faire leur propre choix<\/span><\/span><\/span><\/span><\/p>\n<p style=\"font-weight: normal; line-height: 150%; margin-bottom: 0cm;\" align=\"justify\">\n<\/p><\/li>\n<li>\n<p style=\"font-weight: normal; line-height: 150%; margin-bottom: 0cm;\" align=\"justify\"><span style=\"color: #000000;\"><span style=\"font-family: Liberation Sans, sans-serif;\"><span style=\"font-size: medium;\"><span style=\"background: #ffffff;\"><b>S&rsquo;inscrire dans une d\u00e9marche \u00ab d&rsquo;aller vers \u00bb,<\/b> en mutualisant les comp\u00e9tences et les savoirs sur le territoire du Sud Vend\u00e9e Littoral. <\/span><\/span><\/span><\/span><\/p>\n<p style=\"font-weight: normal; line-height: 150%; margin-bottom: 0cm;\" align=\"justify\"><span style=\"color: #000000;\"><span style=\"font-family: Liberation Sans, sans-serif;\"><span style=\"font-size: medium;\"><span style=\"background: #ffffff;\">Favoriser des d\u00e9marches itin\u00e9rantes<\/span><\/span><\/span><\/span><\/p>\n<p style=\"line-height: 150%; margin-bottom: 0cm;\" align=\"justify\"><span style=\"color: #000000;\"><span style=\"font-family: Liberation Sans, sans-serif;\"><span style=\"font-size: medium;\"><span style=\"background: #ffffff;\">Cr\u00e9er du lien social avec les partenaires du territoire ( \u00e9tablissements scolaires, maires et \u00e9lus des communes, acteurs de la jeunesse et organismes de pr\u00e9vention). <\/span><\/span><\/span><\/span><\/p>\n<p style=\"font-weight: normal; line-height: 150%; margin-bottom: 0cm;\" align=\"justify\"><span style=\"color: #000000;\"><span style=\"font-family: Liberation Sans, sans-serif;\"><span style=\"font-size: medium;\"><span style=\"background: #ffffff;\">Apporter des moyens pour apporter de la coh\u00e9rence sur le territoire<\/span><\/span><\/span><\/span><\/p>\n<p style=\"line-height: 150%; margin-bottom: 0cm;\" align=\"justify\">\n<\/p><p style=\"line-height: 150%; margin-bottom: 0cm;\" align=\"justify\">\n<\/p><\/li>\n<\/ol>\n<p style=\"line-height: 150%; margin-bottom: 0cm;\" align=\"justify\"><span style=\"color: #000000;\"><span style=\"font-family: Liberation Sans, sans-serif;\"><span style=\"font-size: medium;\"> Le Campus Espace Jeunes par les actions qu\u2019elle m\u00e8ne, a pour int\u00e9r\u00eat <span style=\"font-variant: normal;\"><span style=\"letter-spacing: normal;\"><span style=\"font-style: normal;\"><span style=\"font-weight: normal;\">de r\u00e9pondre aux besoins des jeunes dans leur devenir de futurs citoyens, tout en \u00e9tant sensible aux aux pr\u00e9occupations des parents et en apportant un lien social indispensable \u00e0 toute vie en collectivit\u00e9.<\/span><\/span><\/span><\/span> La structure en apportant l\u2019accueil, l\u2019\u00e9coute, l\u2019animation et la pr\u00e9vention des jeunes de 11\/25 ans, diff\u00e9rentes notions sont importantes, pour amener le jeune \u00e0 un bien-\u00eatre individuel et un \u00e9panouissement collectif, que ce soit sur les activit\u00e9s, les ateliers, les s\u00e9jours, les \u00e9v\u00e8nements, ou tout acte ponctuel lorsque le jeune ouvre la porte de la structure. <\/span><\/span><\/span><\/p>\n<p style=\"font-variant: normal; letter-spacing: normal; font-style: normal; line-height: 150%; margin-bottom: 0cm;\"><span style=\"color: #000000;\"><span style=\"font-family: Liberation Sans, sans-serif;\"><span style=\"font-size: large;\"><b><u>L\u2019\u00e9quipe d\u2019animation tient compte de <\/u>:<\/b><\/span><\/span><\/span><\/p>\n<p style=\"font-variant: normal; letter-spacing: normal; font-style: normal; font-weight: normal; line-height: 150%; margin-bottom: 0cm;\">\n<\/p><p style=\"font-variant: normal; letter-spacing: normal; font-style: normal; font-weight: normal; line-height: 150%; orphans: 2; widows: 2;\" align=\"justify\"><span style=\"color: #000000;\"><span style=\"font-family: Liberation Sans, sans-serif;\"><span style=\"font-size: medium;\"><b>La s\u00e9curit\u00e9<\/b> du public accueilli, en assurant un cadre confortable, bienveillant et une parfaite s\u00e9curit\u00e9 physique, affective, morale et sanitaire, sur chaque activit\u00e9 du jeune. <\/span><\/span><\/span><\/p>\n<p style=\"font-variant: normal; letter-spacing: normal; font-style: normal; font-weight: normal; line-height: 150%; orphans: 2; widows: 2;\" align=\"justify\">\n<\/p><p style=\"font-variant: normal; letter-spacing: normal; font-style: normal; font-weight: normal; line-height: 150%; orphans: 2; widows: 2;\" align=\"justify\"><span style=\"color: #000000;\"><span style=\"font-family: Liberation Sans, sans-serif;\"><span style=\"font-size: medium;\"><b>L\u2019\u00e9coute attentive<\/b> durant les temps d\u2019accueil tout au long de la journ\u00e9e, aupr\u00e8s des jeunes, des parents et des partenaires du territoire. Notre r\u00f4le est d\u2019\u00eatre cette oreille attentive et cette passerelle entre l\u2019\u00e9cole et la famille, afin que le jeune puisse se sentir \u00e9cout\u00e9. <\/span><\/span><\/span><\/p>\n<p style=\"font-variant: normal; letter-spacing: normal; font-style: normal; font-weight: normal; line-height: 150%; orphans: 2; widows: 2;\" align=\"justify\">\n<\/p><p style=\"font-variant: normal; letter-spacing: normal; font-style: normal; font-weight: normal; line-height: 150%; orphans: 2; widows: 2;\" align=\"justify\"><span style=\"color: #000000;\"><span style=\"font-family: Liberation Sans, sans-serif;\"><span style=\"font-size: medium;\"><b>Le respect<\/b> par l\u2019apprentissage de la vie en collectivit\u00e9, en privil\u00e9giant la mixit\u00e9 sur les activit\u00e9s et par une tranche d\u2019\u00e2ge assez large. C\u2019est un lieu de socialisation et de partage, qui favorise la tol\u00e9rance et le non-jugement.<\/span><\/span><\/span><\/p>\n<p style=\"font-variant: normal; letter-spacing: normal; font-style: normal; font-weight: normal; line-height: 150%; orphans: 2; widows: 2;\" align=\"justify\">\n<\/p><p style=\"font-variant: normal; letter-spacing: normal; font-style: normal; font-weight: normal; line-height: 150%; orphans: 2; widows: 2;\" align=\"justify\"><span style=\"color: #000000;\"><span style=\"font-family: Liberation Sans, sans-serif;\"><span style=\"font-size: medium;\"><b>L\u2019autonomie, <\/b>en permettant au jeune d\u2019\u00e9voluer, sur les s\u00e9jours collectifs, les activit\u00e9s, les ateliers et les projets pr\u00e9ventions, afin de devenir acteur de sa vie, de faire ses choix en d\u00e9veloppant l\u2019id\u00e9e de responsabilit\u00e9 et d\u2019esprit critique et ceci, dans le respect des besoins et des caract\u00e9ristiques de chaque \u00e2ge.<\/span><\/span><\/span><\/p>\n<p style=\"line-height: 150%; orphans: 2; widows: 2;\" align=\"justify\">\n<\/p><p style=\"line-height: 150%; orphans: 2; widows: 2;\" align=\"justify\">\n<\/p><p style=\"line-height: 150%; margin-bottom: 0cm;\" align=\"justify\"><span style=\"background: #ffffff;\"> <span style=\"font-family: Liberation Sans, sans-serif;\"><span style=\"font-size: medium;\">La structure par son fonctionnement et notamment son importante amplitude horaire permet aux jeunes de trouver au Campus un <\/span><\/span><\/span><span style=\"font-family: Liberation Sans, sans-serif;\"><span style=\"font-size: medium;\"><b><span style=\"background: #ffffff;\">accueil <\/span><\/b><span style=\"background: #ffffff;\">et une oreille <\/span><b><span style=\"background: #ffffff;\">attentive.<\/span><\/b><\/span><\/span><\/p>\n<p style=\"line-height: 150%; margin-bottom: 0cm;\" align=\"justify\"><span style=\"font-family: Liberation Sans, sans-serif;\"><span style=\"font-size: medium;\">De l\u00e0 nous mettons en \u0153uvre notre r\u00e9seau de partenaires pour apporter les solutions adapt\u00e9es aux besoins du jeune.<\/span><\/span><\/p>\n<p style=\"line-height: 150%; orphans: 2; widows: 2; margin-bottom: 0cm;\" align=\"justify\"><span style=\"color: #000000;\"><span style=\"font-family: Liberation Sans, sans-serif;\"><span style=\"font-size: medium;\"><b><span style=\"background: #ffffff;\">Avec un panel d&rsquo;activit\u00e9s et de projets importants, le Campus Espace Jeunes est un lieu o\u00f9 les animateurs doivent \u00eatre polyvalents, ce qui nous permet d\u2019accro\u00eetre nos comp\u00e9tences et de forger nos exp\u00e9riences.<\/span><\/b><\/span><\/span><\/span><\/p>\n<p style=\"line-height: 150%; orphans: 2; widows: 2; margin-bottom: 0cm;\" align=\"justify\">\n<\/p><p style=\"line-height: 150%; orphans: 2; widows: 2; margin-bottom: 0cm;\" align=\"justify\">\n<\/p><p style=\"line-height: 150%; orphans: 2; widows: 2; margin-bottom: 0cm;\" align=\"justify\">\n<\/p><ul>\n<li style=\"display: block;\">\n<p style=\"line-height: 150%; orphans: 2; widows: 2; margin-bottom: 0cm; text-decoration: none;\" align=\"center\"><span style=\"color: #000000;\"><span style=\"font-family: Bahnschrift Light Condensed, sans-serif;\"><span style=\"font-size: medium;\"><b><span style=\"background: #ffffff;\"><strong><span style=\"font-family: Liberation Sans, sans-serif;\"><span style=\"font-style: normal;\"><span style=\"background: #ffff00;\">Mis \u00e0 jour le <\/span><\/span><\/span><\/strong><strong><span style=\"font-family: Liberation Sans, sans-serif;\"><span style=\"font-style: normal;\"><span style=\"background: #ffff00;\">24\/05\/2024<\/span><\/span><\/span><\/strong><\/span><\/b><\/span><\/span><\/span><\/p>\n<\/li>\n<\/ul>\t\t\t\t\t\t<\/div>\n\t\t\t\t<\/div>\n\t\t\t\t\t<\/div>\n\t\t<\/div>\n\t\t\t\t\t\t\t<\/div>\n\t\t<\/section>\n\t\t\t\t\t\t\t<\/div>\n\t\t","protected":false},"excerpt":{"rendered":"<p>PROJET P\u00c9DAGOGIQUE Le Campus Espace Jeunes Le Campus Espace Jeunes est une structure associative de loi 1901, destin\u00e9e \u00e0 l&rsquo;accueil, l\u2019\u00e9coute, l&rsquo;animation et la pr\u00e9vention des jeunes de 11 \u00e0 &#8230;<\/p>\n","protected":false},"author":1,"featured_media":0,"parent":0,"menu_order":0,"comment_status":"closed","ping_status":"closed","template":"","meta":{"jetpack_post_was_ever_published":false,"footnotes":""},"yoast_head":"<!-- This site is optimized with the Yoast SEO plugin v20.1 - https:\/\/yoast.com\/wordpress\/plugins\/seo\/ -->\n<title>Projet P\u00e9dagogique - Le Campus Espace Jeunes<\/title>\n<meta name=\"robots\" content=\"index, follow, max-snippet:-1, max-image-preview:large, max-video-preview:-1\" \/>\n<link rel=\"canonical\" href=\"https:\/\/le-campus.org\/blog\/projet-pedagogique\/\" \/>\n<meta property=\"og:locale\" content=\"fr_FR\" \/>\n<meta property=\"og:type\" content=\"article\" \/>\n<meta property=\"og:title\" content=\"Projet P\u00e9dagogique - Le Campus Espace Jeunes\" \/>\n<meta property=\"og:description\" content=\"PROJET P\u00c9DAGOGIQUE Le Campus Espace Jeunes Le Campus Espace Jeunes est une structure associative de loi 1901, destin\u00e9e \u00e0 l&rsquo;accueil, l\u2019\u00e9coute, l&rsquo;animation et la pr\u00e9vention des jeunes de 11 \u00e0 ...\" \/>\n<meta property=\"og:url\" content=\"https:\/\/le-campus.org\/blog\/projet-pedagogique\/\" \/>\n<meta property=\"og:site_name\" content=\"Le Campus Espace Jeunes\" \/>\n<meta property=\"article:publisher\" content=\"https:\/\/www.facebook.com\/pages\/Le-Campus-Espace-Jeunes\/357197730957345\" \/>\n<meta property=\"article:modified_time\" content=\"2024-12-02T09:39:04+00:00\" \/>\n<meta name=\"twitter:label1\" content=\"Dur\u00e9e de lecture estim\u00e9e\" \/>\n\t<meta name=\"twitter:data1\" content=\"10 minutes\" \/>\n<script type=\"application\/ld+json\" class=\"yoast-schema-graph\">{\"@context\":\"https:\/\/schema.org\",\"@graph\":[{\"@type\":\"WebPage\",\"@id\":\"https:\/\/le-campus.org\/blog\/projet-pedagogique\/\",\"url\":\"https:\/\/le-campus.org\/blog\/projet-pedagogique\/\",\"name\":\"Projet P\u00e9dagogique - Le Campus Espace Jeunes\",\"isPartOf\":{\"@id\":\"https:\/\/le-campus.org\/blog\/#website\"},\"datePublished\":\"2024-12-02T09:26:00+00:00\",\"dateModified\":\"2024-12-02T09:39:04+00:00\",\"inLanguage\":\"fr-FR\",\"potentialAction\":[{\"@type\":\"ReadAction\",\"target\":[\"https:\/\/le-campus.org\/blog\/projet-pedagogique\/\"]}]},{\"@type\":\"WebSite\",\"@id\":\"https:\/\/le-campus.org\/blog\/#website\",\"url\":\"https:\/\/le-campus.org\/blog\/\",\"name\":\"Le Campus Espace Jeunes\",\"description\":\"\",\"publisher\":{\"@id\":\"https:\/\/le-campus.org\/blog\/#organization\"},\"potentialAction\":[{\"@type\":\"SearchAction\",\"target\":{\"@type\":\"EntryPoint\",\"urlTemplate\":\"https:\/\/le-campus.org\/blog\/?s={search_term_string}\"},\"query-input\":\"required name=search_term_string\"}],\"inLanguage\":\"fr-FR\"},{\"@type\":\"Organization\",\"@id\":\"https:\/\/le-campus.org\/blog\/#organization\",\"name\":\"Le Campus Espace Jeunes\",\"url\":\"https:\/\/le-campus.org\/blog\/\",\"logo\":{\"@type\":\"ImageObject\",\"inLanguage\":\"fr-FR\",\"@id\":\"https:\/\/le-campus.org\/blog\/#\/schema\/logo\/image\/\",\"url\":\"https:\/\/i0.wp.com\/le-campus.org\/blog\/wp-content\/uploads\/2016\/09\/cropped-Logo_Long-2.png?fit=285%2C90&ssl=1\",\"contentUrl\":\"https:\/\/i0.wp.com\/le-campus.org\/blog\/wp-content\/uploads\/2016\/09\/cropped-Logo_Long-2.png?fit=285%2C90&ssl=1\",\"width\":285,\"height\":90,\"caption\":\"Le Campus Espace Jeunes\"},\"image\":{\"@id\":\"https:\/\/le-campus.org\/blog\/#\/schema\/logo\/image\/\"},\"sameAs\":[\"https:\/\/www.facebook.com\/pages\/Le-Campus-Espace-Jeunes\/357197730957345\"]}]}<\/script>\n<!-- \/ Yoast SEO plugin. -->","yoast_head_json":{"title":"Projet P\u00e9dagogique - Le Campus Espace Jeunes","robots":{"index":"index","follow":"follow","max-snippet":"max-snippet:-1","max-image-preview":"max-image-preview:large","max-video-preview":"max-video-preview:-1"},"canonical":"https:\/\/le-campus.org\/blog\/projet-pedagogique\/","og_locale":"fr_FR","og_type":"article","og_title":"Projet P\u00e9dagogique - Le Campus Espace Jeunes","og_description":"PROJET P\u00c9DAGOGIQUE Le Campus Espace Jeunes Le Campus Espace Jeunes est une structure associative de loi 1901, destin\u00e9e \u00e0 l&rsquo;accueil, l\u2019\u00e9coute, l&rsquo;animation et la pr\u00e9vention des jeunes de 11 \u00e0 ...","og_url":"https:\/\/le-campus.org\/blog\/projet-pedagogique\/","og_site_name":"Le Campus Espace Jeunes","article_publisher":"https:\/\/www.facebook.com\/pages\/Le-Campus-Espace-Jeunes\/357197730957345","article_modified_time":"2024-12-02T09:39:04+00:00","twitter_misc":{"Dur\u00e9e de lecture estim\u00e9e":"10 minutes"},"schema":{"@context":"https:\/\/schema.org","@graph":[{"@type":"WebPage","@id":"https:\/\/le-campus.org\/blog\/projet-pedagogique\/","url":"https:\/\/le-campus.org\/blog\/projet-pedagogique\/","name":"Projet P\u00e9dagogique - Le Campus Espace Jeunes","isPartOf":{"@id":"https:\/\/le-campus.org\/blog\/#website"},"datePublished":"2024-12-02T09:26:00+00:00","dateModified":"2024-12-02T09:39:04+00:00","inLanguage":"fr-FR","potentialAction":[{"@type":"ReadAction","target":["https:\/\/le-campus.org\/blog\/projet-pedagogique\/"]}]},{"@type":"WebSite","@id":"https:\/\/le-campus.org\/blog\/#website","url":"https:\/\/le-campus.org\/blog\/","name":"Le Campus Espace Jeunes","description":"","publisher":{"@id":"https:\/\/le-campus.org\/blog\/#organization"},"potentialAction":[{"@type":"SearchAction","target":{"@type":"EntryPoint","urlTemplate":"https:\/\/le-campus.org\/blog\/?s={search_term_string}"},"query-input":"required name=search_term_string"}],"inLanguage":"fr-FR"},{"@type":"Organization","@id":"https:\/\/le-campus.org\/blog\/#organization","name":"Le Campus Espace Jeunes","url":"https:\/\/le-campus.org\/blog\/","logo":{"@type":"ImageObject","inLanguage":"fr-FR","@id":"https:\/\/le-campus.org\/blog\/#\/schema\/logo\/image\/","url":"https:\/\/i0.wp.com\/le-campus.org\/blog\/wp-content\/uploads\/2016\/09\/cropped-Logo_Long-2.png?fit=285%2C90&ssl=1","contentUrl":"https:\/\/i0.wp.com\/le-campus.org\/blog\/wp-content\/uploads\/2016\/09\/cropped-Logo_Long-2.png?fit=285%2C90&ssl=1","width":285,"height":90,"caption":"Le Campus Espace Jeunes"},"image":{"@id":"https:\/\/le-campus.org\/blog\/#\/schema\/logo\/image\/"},"sameAs":["https:\/\/www.facebook.com\/pages\/Le-Campus-Espace-Jeunes\/357197730957345"]}]}},"jetpack_sharing_enabled":true,"jetpack_shortlink":"https:\/\/wp.me\/P7SwBl-3KK","jetpack-related-posts":[],"amp_enabled":true,"_links":{"self":[{"href":"https:\/\/le-campus.org\/blog\/wp-json\/wp\/v2\/pages\/14430"}],"collection":[{"href":"https:\/\/le-campus.org\/blog\/wp-json\/wp\/v2\/pages"}],"about":[{"href":"https:\/\/le-campus.org\/blog\/wp-json\/wp\/v2\/types\/page"}],"author":[{"embeddable":true,"href":"https:\/\/le-campus.org\/blog\/wp-json\/wp\/v2\/users\/1"}],"replies":[{"embeddable":true,"href":"https:\/\/le-campus.org\/blog\/wp-json\/wp\/v2\/comments?post=14430"}],"version-history":[{"count":10,"href":"https:\/\/le-campus.org\/blog\/wp-json\/wp\/v2\/pages\/14430\/revisions"}],"predecessor-version":[{"id":14444,"href":"https:\/\/le-campus.org\/blog\/wp-json\/wp\/v2\/pages\/14430\/revisions\/14444"}],"wp:attachment":[{"href":"https:\/\/le-campus.org\/blog\/wp-json\/wp\/v2\/media?parent=14430"}],"curies":[{"name":"wp","href":"https:\/\/api.w.org\/{rel}","templated":true}]}}